{"id":23731,"date":"2025-10-22T10:49:18","date_gmt":"2025-10-22T08:49:18","guid":{"rendered":"https:\/\/www.fuso-trucks.ch\/?page_id=23731"},"modified":"2025-10-22T10:49:18","modified_gmt":"2025-10-22T08:49:18","slug":"faq","status":"publish","type":"page","link":"https:\/\/www.fuso-trucks.ch\/it\/informazioni-su-fuso\/faq\/","title":{"rendered":"FAQ"},"content":{"rendered":"<div class=\"wpb-content-wrapper\"><p>[vc_row][vc_column][vc_tta_accordion style=&#8221;flat&#8221; color=&#8221;juicy-pink&#8221; spacing=&#8221;4&#8243; c_icon=&#8221;chevron&#8221; active_section=&#8221;100&#8243; no_fill=&#8221;true&#8221; collapsible_all=&#8221;true&#8221; title=&#8221;Informazioni generali su FUSO&#8221;][vc_tta_section title=&#8221;1. Che cos&#8217;\u00e8 FUSO?&#8221; tab_id=&#8221;1756908097552-30e06498-5b21&#8243;]\n                <div class=\"fusoeurope-text-image wpb_content_element  item--image--top \" >\n                    <div class=\"item item--text wpb_text_column\">\n                        <p>FUSO \u00e8 un marchio di Daimler Truck AG specializzato in veicoli industriali leggeri. I veicoli sono concepiti per l&#8217;impiego urbano e regionale e sono sinonimo di efficienza, affidabilit\u00e0 ed elevata facilit\u00e0 di allestimento. In Europa FUSO \u00e8 rappresentata in oltre 30 Paesi e viene distribuita attraverso la rete di assistenza Mercedes-Benz.<\/p>\n\n                    <\/div>\n                <\/div>[\/vc_tta_section][vc_tta_section title=&#8221;2. Dove vengono prodotti i veicoli FUSO?&#8221; tab_id=&#8221;1756908097565-bf75db18-8b9d&#8221;]\n                <div class=\"fusoeurope-text-image wpb_content_element  item--image--top \" >\n                    <div class=\"item item--text wpb_text_column\">\n                        <p>Il FUSO Canter e l&#8217;eCanter europei vengono prodotti nello stabilimento di Tramagal in Portogallo. Dal 2022 lo stabilimento produce completamente a zero emissioni di CO2.<\/p>\n\n                    <\/div>\n                <\/div>[\/vc_tta_section][vc_tta_section tab_id=&#8221;1756908141737-470b78c1-1845&#8243; title=&#8221;3. Cosa significa il nome &#8220;FUSO&#8220;?&#8221;]\n                <div class=\"fusoeurope-text-image wpb_content_element  item--image--top \" >\n                    <div class=\"item item--text wpb_text_column\">\n                        <p>Il nome &#8220;FUSO&#8221; deriva dal giapponese e si riferisce all&#8217;albero &#8220;Fus\u014d&#8221;, simbolo di forza e resistenza. \u00c8 stato utilizzato per la prima volta nel 1932 per una nave Mitsubishi e oggi rappresenta il connubio tra l&#8217;arte ingegneristica giapponese e la competenza globale nei veicoli industriali.<\/p>\n\n                    <\/div>\n                <\/div>[\/vc_tta_section][\/vc_tta_accordion][vc_tta_accordion style=&#8221;flat&#8221; color=&#8221;juicy-pink&#8221; spacing=&#8221;4&#8243; c_icon=&#8221;chevron&#8221; active_section=&#8221;100&#8243; no_fill=&#8221;true&#8221; collapsible_all=&#8221;true&#8221; title=&#8221;Veicoli e modelli&#8221;][vc_tta_section title=&#8221;4. Quali modelli offre FUSO?&#8221; tab_id=&#8221;1756908220596-f5a9179f-2479&#8243;]\n                <div class=\"fusoeurope-text-image wpb_content_element  item--image--top \" >\n                    <div class=\"item item--text wpb_text_column\">\n                        <p>FUSO offre il Canter diesel in cinque classi di peso (da 3,5 t a 8,55 t) e l&#8217;eCanter Next Generation completamente elettrico in quattro classi di peso (da 4,25 t a 8,55 t). Entrambe le serie sono disponibili con un massimo di sei passi e diverse varianti di cabina di guida.<\/p>\n\n                    <\/div>\n                <\/div>[\/vc_tta_section][vc_tta_section title=&#8221;5. Cosa distingue il Canter dall&#8217;eCanter?&#8221; tab_id=&#8221;1756908220609-27ea6921-de4f&#8221;]\n                <div class=\"fusoeurope-text-image wpb_content_element  item--image--top \" >\n                    <div class=\"item item--text wpb_text_column\">\n                        <p>Il Canter \u00e8 un autocarro leggero diesel convenzionale con un carico utile elevato e una tecnica robusta. L&#8217;eCanter \u00e8 completamente elettrico, a zero emissioni locali e particolarmente silenzioso, ideale per il servizio di consegna urbano. L&#8217;eCanter \u00e8 disponibile in oltre 40 varianti, combinando classi di peso, passi, tipi di cabina e pacchi batteria.<\/p>\n\n                    <\/div>\n                <\/div>[\/vc_tta_section][vc_tta_section title=&#8221;6. Quali classi di peso sono disponibili per il Canter?&#8221; tab_id=&#8221;1756908220620-2e400dab-9b9e&#8221;]\n                <div class=\"fusoeurope-text-image wpb_content_element  item--image--top \" >\n                    <div class=\"item item--text wpb_text_column\">\n                        <p>Il Canter diesel \u00e8 disponibile in quattro classi di peso: 3,5 t, 6,0 t, 7,49 t e 8,55 t. La capacit\u00e0 di carico dell&#8217;autotelaio pu\u00f2 arrivare fino a 6 tonnellate, a seconda del modello.<\/p>\n\n                    <\/div>\n                <\/div>[\/vc_tta_section][vc_tta_section title=&#8221;7. Quali varianti di cabina sono disponibili?&#8221; tab_id=&#8221;1756908309033-f3d66f05-4a16&#8243;]\n                <div class=\"fusoeurope-text-image wpb_content_element  item--image--top \" >\n                    <div class=\"item item--text wpb_text_column\">\n                        <p>Esistono tre tipi di cabina: cabina di guida standard (larghezza 1.695\u00a0m), cabina di guida comfort (1.995\u00a0m) e cabina di guida doppia (anche 1.995\u00a0m), a seconda del fabbisogno di spazio e dell&#8217;impiego.<\/p>\n\n                    <\/div>\n                <\/div>[\/vc_tta_section][\/vc_tta_accordion][vc_tta_accordion style=&#8221;flat&#8221; color=&#8221;juicy-pink&#8221; spacing=&#8221;4&#8243; c_icon=&#8221;chevron&#8221; active_section=&#8221;100&#8243; no_fill=&#8221;true&#8221; collapsible_all=&#8221;true&#8221; title=&#8221;Tecnica ed equipaggiamenti&#8221;][vc_tta_section title=&#8221;8. Quali motorizzazioni offre il Canter?&#8221; tab_id=&#8221;1756908332772-4604c855-0c01&#8243;]\n                <div class=\"fusoeurope-text-image wpb_content_element  item--image--top \" >\n                    <div class=\"item item--text wpb_text_column\">\n                        <p>Il Canter diesel \u00e8 disponibile con tre motorizzazioni: 130 CV (96 kW), 150 CV (110 kW) e 175 CV (129 kW). I motori soddisfano la norma sui gas di scarico Euro VI e offrono coppie fino a 430 Nm.<\/p>\n\n                    <\/div>\n                <\/div>[\/vc_tta_section][vc_tta_section title=&#8221;9. Quali cambi sono disponibili?&#8221; tab_id=&#8221;1756908332785-b2fe4392-6f24&#8243;]\n                <div class=\"fusoeurope-text-image wpb_content_element  item--image--top \" >\n                    <div class=\"item item--text wpb_text_column\">\n                        <p>Per una guida confortevole senza interruzione della forza di trazione sono disponibili il cambio manuale a 5 marce e il cambio a doppia frizione automatizzato a 6 marce DUONIC\u00ae 2.0.<\/p>\n\n                    <\/div>\n                <\/div>[\/vc_tta_section][vc_tta_section title=&#8221;10. Qual \u00e8 il carico utile del Canter?&#8221; tab_id=&#8221;1756908332795-64a724a8-f79c&#8221;]\n                <div class=\"fusoeurope-text-image wpb_content_element  item--image--top \" >\n                    <div class=\"item item--text wpb_text_column\">\n                        <p>A seconda del modello, la portata dell&#8217;autotelaio \u00e8 compresa tra circa 1.500\u00a0kg (3,5 t) e quasi 6.000\u00a0kg (8,55 t). Il Canter \u00e8 quindi uno dei veicoli con il carico utile pi\u00f9 elevato della sua categoria.<\/p>\n\n                    <\/div>\n                <\/div>[\/vc_tta_section][vc_tta_section title=&#8221;11. Qual \u00e8 il diametro di volta?&#8221; tab_id=&#8221;1756908332811-9b7d8c71-e77a&#8221;]\n                <div class=\"fusoeurope-text-image wpb_content_element  item--image--top \" >\n                    <div class=\"item item--text wpb_text_column\">\n                        <p>Il diametro di volta parte da soli 10,2\u00a0m (passo 2.500\u00a0mm), ideale per i centri abitati stretti e le manovre.<\/p>\n\n                    <\/div>\n                <\/div>[\/vc_tta_section][vc_tta_section title=&#8221;12. Qual \u00e8 l&#8217;autonomia dell&#8217;eCanter?&#8221; tab_id=&#8221;1756908423622-f5811271-170d&#8221;]\n                <div class=\"fusoeurope-text-image wpb_content_element  item--image--top \" >\n                    <div class=\"item item--text wpb_text_column\">\n                        <p>A seconda del pacchetto di batterie, l&#8217;eCanter offre un&#8217;autonomia fino a 200 km. Il pacchetto S consente di percorrere fino a 70 km, il pacchetto M fino a 140 km e il pacchetto L fino a 200 km per ricarica. *<\/p>\n<p lang=\"de\"><small><br \/>\n<span aria-hidden=\"true\">* <\/span>L&#8217;autonomia \u00e8 stata rilevata internamente in condizioni di prova specifiche, tra cui in condizioni di carico parziale con sovrastruttura furgonata a una temperatura esterna di 20 \u00b0C, e pu\u00f2 differire dai valori rilevati ai sensi del Regolamento (UE) 2017\/2400. L&#8217;autonomia effettiva dipende dall&#8217;utilizzo individuale del veicolo, dalla configurazione del veicolo e da altri fattori esterni. Pertanto l&#8217;autonomia effettiva pu\u00f2 essere inferiore o superiore al valore indicato<\/small><\/p>\n\n                    <\/div>\n                <\/div>[\/vc_tta_section][vc_tta_section title=&#8221;13. Quanto dura la ricarica dell&#8217;eCanter?&#8221; tab_id=&#8221;1756908430126-0a432e78-3642&#8243;]\n                <div class=\"fusoeurope-text-image wpb_content_element  item--image--top \" >\n                    <div class=\"item item--text wpb_text_column\">\n                        <p>L&#8217;eCanter pu\u00f2 essere ricaricato sia con corrente alternata (CA) che con corrente continua (CC). La ricarica CA avviene con 11 kW (batteria S) o 22 kW (batteria M e L). Ad esempio, la batteria S si ricarica in CC dal 20 all&#8217;80% in 24 minuti, mentre la batteria L si ricarica dal 20 all&#8217;80% in 39 minuti. La ricarica AC della batteria S richiede 4 ore e 12 minuti (0-100%), mentre la ricarica della batteria L richiede circa 6 ore.**<\/p>\n<p lang=\"de\"><small><br \/>\n<span aria-hidden=\"true\">** <\/span>Il tempo di ricarica dipende da vari fattori come la capacit\u00e0 di ricarica del veicolo, la capacit\u00e0 di ricarica della stazione di ricarica, il livello di carica (SoC) della batteria, la temperatura ambiente e la temperatura della batteria. I valori si basano su valori empirici rilevati internamente in condizioni ottimali di 20 \u00b0C.<\/small><\/p>\n\n                    <\/div>\n                <\/div>[\/vc_tta_section][\/vc_tta_accordion][vc_tta_accordion style=&#8221;flat&#8221; color=&#8221;juicy-pink&#8221; spacing=&#8221;4&#8243; c_icon=&#8221;chevron&#8221; active_section=&#8221;100&#8243; no_fill=&#8221;true&#8221; collapsible_all=&#8221;true&#8221; title=&#8221;Assistenza e vendite&#8221;][vc_tta_section title=&#8221;14. Dove posso acquistare veicoli FUSO?&#8221; tab_id=&#8221;1756908478061-34fe51fc-5bc8&#8243;]\n                <div class=\"fusoeurope-text-image wpb_content_element  item--image--top \" >\n                    <div class=\"item item--text wpb_text_column\">\n                        <p>La distribuzione avviene attraverso la rete di concessionari Mercedes-Benz con oltre 800 punti di assistenza in Europa. Consulenza, vendita, manutenzione e riparazione avvengono qui con la massima qualit\u00e0.<\/p>\n\n                    <\/div>\n                <\/div>[\/vc_tta_section][vc_tta_section title=&#8221;15. Come posso trovare un partner di assistenza?&#8221; tab_id=&#8221;1756908478084-ad073a86-144f&#8221;]\n                <div class=\"fusoeurope-text-image wpb_content_element  item--image--top \" >\n                    <div class=\"item item--text wpb_text_column\">\n                        <p>Tramite la funzione di ricerca concessionari su <a href=\"http:\/\/fuso-trucks.com\">fuso-trucks.com<\/a> \u00e8 possibile trovare rapidamente il partner FUSO pi\u00f9 vicino, disponibile in tutta Europa.<\/p>\n\n                    <\/div>\n                <\/div>[\/vc_tta_section][vc_tta_section title=&#8221;16. Quale garanzia offre FUSO?&#8221; tab_id=&#8221;1756908478109-d4a8116c-1bc2&#8243;]\n                <div class=\"fusoeurope-text-image wpb_content_element  item--image--top \" >\n                    <div class=\"item item--text wpb_text_column\">\n                        <p>FUSO offre una garanzia completa sui veicoli nuovi. Il Canter \u00e8 coperto da una garanzia fino a 3 anni o fino a 100.000 km di percorrenza, a seconda di quale delle due condizioni si verifica per prima. Per l&#8217;eCanter il contratto di assistenza comprende ancora di pi\u00f9: Ricevete una garanzia di 5 anni e una percorrenza di 100.000 km. Inoltre \u00e8 disponibile una garanzia estesa per le batterie ad alto voltaggio fino a 8 anni.<\/p>\n<p>I dettagli sulla durata e sull&#8217;entit\u00e0 sono disponibili direttamente presso il rivenditore o il partner di assistenza.<\/p>\n\n                    <\/div>\n                <\/div>[\/vc_tta_section][vc_tta_section title=&#8221;17. Esistono sovrastrutture di primo equipaggiamento?&#8221; tab_id=&#8221;1756908478131-6e200826-4601&#8243;]\n                <div class=\"fusoeurope-text-image wpb_content_element  item--image--top \" >\n                    <div class=\"item item--text wpb_text_column\">\n                        <p>S\u00ec, FUSO offre sovrastrutture montate in fabbrica come cassoni e ribaltabili. Questi sono subito pronti all&#8217;uso e adattati all&#8217;autotelaio. Inoltre sono disponibili numerosi equipaggiamenti a richiesta di primo equipaggiamento.<\/p>\n\n                    <\/div>\n                <\/div>[\/vc_tta_section][\/vc_tta_accordion][vc_tta_accordion style=&#8221;flat&#8221; color=&#8221;juicy-pink&#8221; spacing=&#8221;4&#8243; c_icon=&#8221;chevron&#8221; active_section=&#8221;100&#8243; no_fill=&#8221;true&#8221; collapsible_all=&#8221;true&#8221; title=&#8221;Soluzioni settoriali e pratica&#8221;][vc_tta_section title=&#8221;18. Il Canter \u00e8 adatto per l&#8217;edilizia?&#8221; tab_id=&#8221;1756908767496-73e37f55-0281&#8243;]\n                <div class=\"fusoeurope-text-image wpb_content_element  item--image--top \" >\n                    <div class=\"item item--text wpb_text_column\">\n                        <p>S\u00ec, grazie alla sua struttura robusta, all&#8217;elevato carico utile e alla buona altezza libera dal suolo, il Canter \u00e8 ideale per i cantieri. Sono possibili anche sovrastrutture a gru o soluzioni containerizzate.<\/p>\n\n                    <\/div>\n                <\/div>[\/vc_tta_section][vc_tta_section title=&#8221;19. Esistono soluzioni per i comuni?&#8221; tab_id=&#8221;1756908767528-d0f1dd1c-086d&#8221;]\n                <div class=\"fusoeurope-text-image wpb_content_element  item--image--top \" >\n                    <div class=\"item item--text wpb_text_column\">\n                        <p>FUSO offre soluzioni settoriali specifiche per gli impieghi comunali, ad es. servizio invernale, spazzatrici, trasporto di squadre con cabina di guida doppia.<\/p>\n\n                    <\/div>\n                <\/div>[\/vc_tta_section][vc_tta_section title=&#8221;20. Quanto \u00e8 flessibile il Canter per sovrastrutture speciali?&#8221; tab_id=&#8221;1756908767564-70888611-694a&#8221;]\n                <div class=\"fusoeurope-text-image wpb_content_element  item--image--top \" >\n                    <div class=\"item item--text wpb_text_column\">\n                        <p>Il Canter dispone di un robusto telaio a longheroni e traverse con profilato a C e disposizione dettagliata dei fori, ideale per sovrastrutture personalizzate. FUSO collabora a stretto contatto con gli allestitori.<\/p>\n\n                    <\/div>\n                <\/div>[\/vc_tta_section][\/vc_tta_accordion]\n                <div class=\"fusoeurope-text-image wpb_content_element  item--image--top \" >\n                    <div class=\"item item--text wpb_text_column\">\n                        <h2>eCanter &#8211; Viaggiare in modalit\u00e0 completamente elettrica<\/h2>\n\n                    <\/div>\n                <\/div>\n                <div class=\"fusoeurope-text-image wpb_content_element  item--image--top \" >\n                    <div class=\"item item--text wpb_text_column\">\n                        <h3>Tecnologia e prestazioni<\/h3>\n<p>&nbsp;<\/p>\n\n                    <\/div>\n                <\/div>[vc_tta_accordion style=&#8221;flat&#8221; color=&#8221;juicy-pink&#8221; spacing=&#8221;4&#8243; c_icon=&#8221;chevron&#8221; active_section=&#8221;100&#8243; no_fill=&#8221;true&#8221; collapsible_all=&#8221;true&#8221;][vc_tta_section title=&#8221;1. Quali varianti dell&#8217;eCanter esistono?&#8221; tab_id=&#8221;1756908910026-6659b8cc-fb89&#8243;]\n                <div class=\"fusoeurope-text-image wpb_content_element  item--image--top \" >\n                    <div class=\"item item--text wpb_text_column\">\n                        <p>L&#8217;eCanter Next Generation \u00e8 disponibile in quattro classi di peso: 4,25 t, 6 t, 7,49 t e 8,55 t. Sono disponibili sei passi da 2.500\u00a0mm a 4.750\u00a0mm. Complessivamente si ottengono oltre 40 varianti di veicolo, pi\u00f9 flessibili che mai.<\/p>\n\n                    <\/div>\n                <\/div>[\/vc_tta_section][vc_tta_section title=&#8221;2. Quali pacchi batteria sono disponibili?&#8221; tab_id=&#8221;1756908910045-f722a5f8-d165&#8243;]\n                <div class=\"fusoeurope-text-image wpb_content_element  item--image--top \" >\n                    <div class=\"item item--text wpb_text_column\">\n                        <p>Le batterie sono disponibili in tre dimensioni:<\/p>\n<ul>\n<li>Pacchetto S: 41,3 kWh, autonomia fino a 70 km<\/li>\n<li>Pacchetto M: 82,6 kWh, autonomia fino a 140 km<\/li>\n<li>Pacchetto L: 124 kWh, autonomia fino a 200\u00a0km Le batterie si basano sulla tecnologia al litio-ferro-fosfato (LFP), particolarmente durevole e termicamente stabile.<\/li>\n<\/ul>\n<p>&nbsp;<\/p>\n<p lang=\"de\"><small><br \/>\n<span aria-hidden=\"true\">* <\/span>L&#8217;autonomia \u00e8 stata rilevata internamente in condizioni di prova specifiche, tra cui in condizioni di carico parziale con sovrastruttura furgonata a una temperatura esterna di 20 \u00b0C, e pu\u00f2 differire dai valori rilevati ai sensi del Regolamento (UE) 2017\/2400. L&#8217;autonomia effettiva dipende dall&#8217;utilizzo individuale del veicolo, dalla configurazione del veicolo e da altri fattori esterni. Pertanto l&#8217;autonomia effettiva pu\u00f2 essere inferiore o superiore al valore indicato.<\/small><\/p>\n\n                    <\/div>\n                <\/div>[\/vc_tta_section][vc_tta_section title=&#8221;3. Come viene caricato l&#8217;eCanter?&#8221; tab_id=&#8221;1756908910065-76104622-be55&#8243;]\n                <div class=\"fusoeurope-text-image wpb_content_element  item--image--top \" >\n                    <div class=\"item item--text wpb_text_column\">\n                        <p>L&#8217;eCanter supporta la ricarica CA e CC:<\/p>\n<ul>\n<li>Ricarica CA: 11 kW (batteria S), 22 kW (batteria M\/L)<\/li>\n<li>Ricarica CC: fino a 70 kW (batteria S), fino a 104 kW (batteria M\/L)<\/li>\n<\/ul>\n\n                    <\/div>\n                <\/div>[\/vc_tta_section][vc_tta_section title=&#8221;4. Qual \u00e8 la potenza dell&#8217;eCanter?&#8221; tab_id=&#8221;1756909001061-768e1489-5dcd&#8221;]\n                <div class=\"fusoeurope-text-image wpb_content_element  item--image--top \" >\n                    <div class=\"item item--text wpb_text_column\">\n                        <p>A seconda della versione, il motore elettrico eroga 110 kW o 129 kW e mette a disposizione una coppia massima di 430 Nm, direttamente disponibile senza cambi marcia.<\/p>\n\n                    <\/div>\n                <\/div>[\/vc_tta_section][vc_tta_section title=&#8221;5. Esistono prese di forza per sovrastrutture?&#8221; tab_id=&#8221;1756909000661-01c1995c-43c7&#8243;]\n                <div class=\"fusoeurope-text-image wpb_content_element  item--image--top \" >\n                    <div class=\"item item--text wpb_text_column\">\n                        <p>S\u00ec, l&#8217;eCanter offre prese di forza meccaniche ed elettriche (PTO), ad es. per gruppi frigoriferi, ribaltabili o piattaforme di sollevamento, ideali per applicazioni municipali e commerciali.<\/p>\n\n                    <\/div>\n                <\/div>[\/vc_tta_section][\/vc_tta_accordion]\n                <div class=\"fusoeurope-text-image wpb_content_element  item--image--top \" >\n                    <div class=\"item item--text wpb_text_column\">\n                        <h3>Comfort di guida e sicurezza<\/h3>\n<p>&nbsp;<\/p>\n\n                    <\/div>\n                <\/div>[vc_tta_accordion style=&#8221;flat&#8221; color=&#8221;juicy-pink&#8221; spacing=&#8221;4&#8243; c_icon=&#8221;chevron&#8221; active_section=&#8221;100&#8243; no_fill=&#8221;true&#8221; collapsible_all=&#8221;true&#8221;][vc_tta_section title=&#8221;6. Quali sistemi di assistenza alla guida sono disponibili?&#8221; tab_id=&#8221;1756909059956-d70f385c-4651&#8243;]\n                <div class=\"fusoeurope-text-image wpb_content_element  item--image--top \" >\n                    <div class=\"item item--text wpb_text_column\">\n                        <p>L&#8217;eCanter \u00e8 dotato di serie di moderni sistemi di sicurezza:<\/p>\n<ul>\n<li>Active Brake Assist (sistema di assistenza alla frenata di emergenza)<\/li>\n<li>Sideguard Assist (assistente alla svolta)<\/li>\n<li>Assistente alla velocit\u00e0<\/li>\n<li>Assistente antisonnolenza<\/li>\n<li>ESP, ABS, ASR<\/li>\n<li>Luce di marcia diurna a LED e faro principale a LED<\/li>\n<li>Telecamera per la retromarcia assistita<\/li>\n<\/ul>\n\n                    <\/div>\n                <\/div>[\/vc_tta_section][vc_tta_section title=&#8221;7. Come si presenta la plancia?&#8221; tab_id=&#8221;1756909059991-90ec62e2-3891&#8243;]\n                <div class=\"fusoeurope-text-image wpb_content_element  item--image--top \" >\n                    <div class=\"item item--text wpb_text_column\">\n                        <p>La nuova plancia digitale offre un display completamente digitale da 7 pollici con informazioni in tempo reale su autonomia, livello di carica, flusso di energia e modalit\u00e0 di guida. Il comando avviene in modo intuitivo tramite i tasti multifunzione sul volante.<\/p>\n\n                    <\/div>\n                <\/div>[\/vc_tta_section][vc_tta_section title=&#8221;8. Come si guida l&#8217;eCanter?&#8221; tab_id=&#8221;1756909060016-f4cb28e3-5d42&#8243;]\n                <div class=\"fusoeurope-text-image wpb_content_element  item--image--top \" >\n                    <div class=\"item item--text wpb_text_column\">\n                        <p>Grazie alla trazione elettrica, l&#8217;eCanter \u00e8 particolarmente silenzioso, privo di vibrazioni e agile. Il recupero di energia (recupero di energia in frenata) pu\u00f2 essere impostato su pi\u00f9 livelli, per una guida efficiente.<\/p>\n\n                    <\/div>\n                <\/div>[\/vc_tta_section][\/vc_tta_accordion][\/vc_column][\/vc_row]<\/p>\n<\/div>","protected":false},"excerpt":{"rendered":"<\/p>\n","protected":false},"author":41,"featured_media":0,"parent":21084,"menu_order":0,"comment_status":"closed","ping_status":"closed","template":"templates\/template-default-hero.php","meta":{"_acf_changed":false,"footnotes":""},"class_list":["post-23731","page","type-page","status-publish","hentry"],"acf":[],"yoast_head":"<!-- This site is optimized with the Yoast SEO plugin v27.4 - https:\/\/yoast.com\/product\/yoast-seo-wordpress\/ -->\n<title>FUSO - FAQ<\/title>\n<meta name=\"description\" content=\"Tutto quello che c&#039;\u00e8 da sapere su FUSO, dai modelli ai servizi \u2713 Da oltre 80 anni un successo garantito \u25b6\ufe0e Trova subito le risposte!\" \/>\n<meta name=\"robots\" content=\"index, follow, max-snippet:-1, max-image-preview:large, max-video-preview:-1\" \/>\n<link rel=\"canonical\" href=\"https:\/\/www.fuso-trucks.ch\/it\/informazioni-su-fuso\/faq\/\" \/>\n<meta property=\"og:locale\" content=\"it_IT\" \/>\n<meta property=\"og:type\" content=\"article\" \/>\n<meta property=\"og:title\" content=\"FUSO - FAQ\" \/>\n<meta property=\"og:description\" content=\"Tutto quello che c&#039;\u00e8 da sapere su FUSO, dai modelli ai servizi \u2713 Da oltre 80 anni un successo garantito \u25b6\ufe0e Trova subito le risposte!\" \/>\n<meta property=\"og:url\" content=\"https:\/\/www.fuso-trucks.ch\/it\/informazioni-su-fuso\/faq\/\" \/>\n<meta property=\"og:site_name\" content=\"FUSO Trucks CH\" \/>\n<meta name=\"twitter:card\" content=\"summary_large_image\" \/>\n<meta name=\"twitter:label1\" content=\"Est. reading time\" \/>\n\t<meta name=\"twitter:data1\" content=\"7 minutes\" \/>\n<script type=\"application\/ld+json\" class=\"yoast-schema-graph\">{\"@context\":\"https:\\\/\\\/schema.org\",\"@graph\":[{\"@type\":\"WebPage\",\"@id\":\"https:\\\/\\\/www.fuso-trucks.ch\\\/it\\\/informazioni-su-fuso\\\/faq\\\/\",\"url\":\"https:\\\/\\\/www.fuso-trucks.ch\\\/it\\\/informazioni-su-fuso\\\/faq\\\/\",\"name\":\"FUSO - FAQ\",\"isPartOf\":{\"@id\":\"https:\\\/\\\/www.fuso-trucks.ch\\\/it\\\/#website\"},\"datePublished\":\"2025-10-22T08:49:18+00:00\",\"description\":\"Tutto quello che c'\u00e8 da sapere su FUSO, dai modelli ai servizi \u2713 Da oltre 80 anni un successo garantito \u25b6\ufe0e Trova subito le risposte!\",\"breadcrumb\":{\"@id\":\"https:\\\/\\\/www.fuso-trucks.ch\\\/it\\\/informazioni-su-fuso\\\/faq\\\/#breadcrumb\"},\"inLanguage\":\"it-CH\",\"potentialAction\":[{\"@type\":\"ReadAction\",\"target\":[\"https:\\\/\\\/www.fuso-trucks.ch\\\/it\\\/informazioni-su-fuso\\\/faq\\\/\"]}]},{\"@type\":\"BreadcrumbList\",\"@id\":\"https:\\\/\\\/www.fuso-trucks.ch\\\/it\\\/informazioni-su-fuso\\\/faq\\\/#breadcrumb\",\"itemListElement\":[{\"@type\":\"ListItem\",\"position\":1,\"name\":\"Home\",\"item\":\"https:\\\/\\\/www.fuso-trucks.ch\\\/it\\\/\"},{\"@type\":\"ListItem\",\"position\":2,\"name\":\"Informazioni su FUSO\",\"item\":\"https:\\\/\\\/www.fuso-trucks.ch\\\/it\\\/informazioni-su-fuso\\\/\"},{\"@type\":\"ListItem\",\"position\":3,\"name\":\"FAQ\"}]},{\"@type\":\"WebSite\",\"@id\":\"https:\\\/\\\/www.fuso-trucks.ch\\\/it\\\/#website\",\"url\":\"https:\\\/\\\/www.fuso-trucks.ch\\\/it\\\/\",\"name\":\"FUSO Trucks CH\",\"description\":\"\",\"potentialAction\":[{\"@type\":\"SearchAction\",\"target\":{\"@type\":\"EntryPoint\",\"urlTemplate\":\"https:\\\/\\\/www.fuso-trucks.ch\\\/it\\\/?s={search_term_string}\"},\"query-input\":{\"@type\":\"PropertyValueSpecification\",\"valueRequired\":true,\"valueName\":\"search_term_string\"}}],\"inLanguage\":\"it-CH\"}]}<\/script>\n<!-- \/ Yoast SEO plugin. -->","yoast_head_json":{"title":"FUSO - FAQ","description":"Tutto quello che c'\u00e8 da sapere su FUSO, dai modelli ai servizi \u2713 Da oltre 80 anni un successo garantito \u25b6\ufe0e Trova subito le risposte!","robots":{"index":"index","follow":"follow","max-snippet":"max-snippet:-1","max-image-preview":"max-image-preview:large","max-video-preview":"max-video-preview:-1"},"canonical":"https:\/\/www.fuso-trucks.ch\/it\/informazioni-su-fuso\/faq\/","og_locale":"it_IT","og_type":"article","og_title":"FUSO - FAQ","og_description":"Tutto quello che c'\u00e8 da sapere su FUSO, dai modelli ai servizi \u2713 Da oltre 80 anni un successo garantito \u25b6\ufe0e Trova subito le risposte!","og_url":"https:\/\/www.fuso-trucks.ch\/it\/informazioni-su-fuso\/faq\/","og_site_name":"FUSO Trucks CH","twitter_card":"summary_large_image","twitter_misc":{"Est. reading time":"7 minutes"},"schema":{"@context":"https:\/\/schema.org","@graph":[{"@type":"WebPage","@id":"https:\/\/www.fuso-trucks.ch\/it\/informazioni-su-fuso\/faq\/","url":"https:\/\/www.fuso-trucks.ch\/it\/informazioni-su-fuso\/faq\/","name":"FUSO - FAQ","isPartOf":{"@id":"https:\/\/www.fuso-trucks.ch\/it\/#website"},"datePublished":"2025-10-22T08:49:18+00:00","description":"Tutto quello che c'\u00e8 da sapere su FUSO, dai modelli ai servizi \u2713 Da oltre 80 anni un successo garantito \u25b6\ufe0e Trova subito le risposte!","breadcrumb":{"@id":"https:\/\/www.fuso-trucks.ch\/it\/informazioni-su-fuso\/faq\/#breadcrumb"},"inLanguage":"it-CH","potentialAction":[{"@type":"ReadAction","target":["https:\/\/www.fuso-trucks.ch\/it\/informazioni-su-fuso\/faq\/"]}]},{"@type":"BreadcrumbList","@id":"https:\/\/www.fuso-trucks.ch\/it\/informazioni-su-fuso\/faq\/#breadcrumb","itemListElement":[{"@type":"ListItem","position":1,"name":"Home","item":"https:\/\/www.fuso-trucks.ch\/it\/"},{"@type":"ListItem","position":2,"name":"Informazioni su FUSO","item":"https:\/\/www.fuso-trucks.ch\/it\/informazioni-su-fuso\/"},{"@type":"ListItem","position":3,"name":"FAQ"}]},{"@type":"WebSite","@id":"https:\/\/www.fuso-trucks.ch\/it\/#website","url":"https:\/\/www.fuso-trucks.ch\/it\/","name":"FUSO Trucks CH","description":"","potentialAction":[{"@type":"SearchAction","target":{"@type":"EntryPoint","urlTemplate":"https:\/\/www.fuso-trucks.ch\/it\/?s={search_term_string}"},"query-input":{"@type":"PropertyValueSpecification","valueRequired":true,"valueName":"search_term_string"}}],"inLanguage":"it-CH"}]}},"_links":{"self":[{"href":"https:\/\/www.fuso-trucks.ch\/it\/wp-json\/wp\/v2\/pages\/23731","targetHints":{"allow":["GET"]}}],"collection":[{"href":"https:\/\/www.fuso-trucks.ch\/it\/wp-json\/wp\/v2\/pages"}],"about":[{"href":"https:\/\/www.fuso-trucks.ch\/it\/wp-json\/wp\/v2\/types\/page"}],"author":[{"embeddable":true,"href":"https:\/\/www.fuso-trucks.ch\/it\/wp-json\/wp\/v2\/users\/41"}],"replies":[{"embeddable":true,"href":"https:\/\/www.fuso-trucks.ch\/it\/wp-json\/wp\/v2\/comments?post=23731"}],"version-history":[{"count":12,"href":"https:\/\/www.fuso-trucks.ch\/it\/wp-json\/wp\/v2\/pages\/23731\/revisions"}],"predecessor-version":[{"id":23811,"href":"https:\/\/www.fuso-trucks.ch\/it\/wp-json\/wp\/v2\/pages\/23731\/revisions\/23811"}],"up":[{"embeddable":true,"href":"https:\/\/www.fuso-trucks.ch\/it\/wp-json\/wp\/v2\/pages\/21084"}],"wp:attachment":[{"href":"https:\/\/www.fuso-trucks.ch\/it\/wp-json\/wp\/v2\/media?parent=23731"}],"curies":[{"name":"wp","href":"https:\/\/api.w.org\/{rel}","templated":true}]}}