{"id":21895,"date":"2022-10-31T15:29:12","date_gmt":"2022-10-31T14:29:12","guid":{"rendered":"https:\/\/www.fuso-trucks.ch\/informazioni-a-carattere-legale\/"},"modified":"2025-05-06T15:18:05","modified_gmt":"2025-05-06T13:18:05","slug":"informazioni-a-carattere-legale","status":"publish","type":"page","link":"https:\/\/www.fuso-trucks.ch\/it\/informazioni-a-carattere-legale\/","title":{"rendered":"Informazioni a carattere legale"},"content":{"rendered":"<div class=\"wpb-content-wrapper\"><p>[vc_row][vc_column][vc_column_text]<\/p>\n<h2>INFORMAZIONI A CARATTERE LEGALE.<\/h2>\n<p>[\/vc_column_text][\/vc_column][\/vc_row][vc_row][vc_column]\n                <div class=\"fusoeurope-text-image wpb_content_element  item--image--top \" >\n                    <div class=\"item item--text wpb_text_column\">\n                        <h2>DIRITTI D\u2018AUTORE<\/h2>\n<p>Copyright Daimler Truck AG\/Daimler Truck Svizzera SA. Tutti i diritti riservati. Tutti i testi, le immagini, i grafici, i file audio, video e di animazione nonch\u00e9 i loro adattamenti sono soggetti al diritto d\u2019autore e alle altre norme che tutelano la propriet\u00e0 intellettuale. Non possono essere copiati a scopo commerciale o di divulgazione, n\u00e9 essere modificati e utilizzati su altri siti web. Alcune pagine Internet di Daimler Truck AG\/Daimler Truck Svizzera SA contengono anche materiale soggetto al diritto d\u2019autore di coloro che lo hanno reso disponibile.<\/p>\n<h2>PRODOTTI E PREZZI<\/h2>\n<p>Dopo la chiusura redazionale di singole pagine possono essere intervenute modifiche ai prodotti (tra cui, modifiche costruttive o formali, modifiche della tonalit\u00e0) e ai servizi. Le illustrazioni possono contenere anche accessori, equipaggiamenti speciali o altre entit\u00e0 non compresi nella gamma di prestazioni o di fornitura di serie. Eventuali variazioni cromatiche sono dovute a fattori tecnici. Alcune pagine possono contenere anche tipi e prestazioni non offerti in tutti i Paesi. Le dichiarazioni su disposizioni e conseguenze legislative, giuridiche e fiscali sono in vigore soltanto nella Repubblica Federale di Germania. Salvo diversamente disposto nelle condizioni di vendita o di fornitura, si applicano i prezzi validi alla data di consegna. Per i nostri partner contrattuali, i prezzi sono da intendersi come prezzi consigliati non vincolanti. Si prega pertanto di rivolgersi a una filiale o un partner contrattuale per lo stato attuale.<\/p>\n<p>Rechtliche Hinweise e Mercedes-Benz sono marchi di propriet\u00e0 di Mercedes-Benz Group AG.<\/p>\n<h2>MARCHI COMMERCIALI<\/h2>\n<p>Tutti i marchi di Daimler Truck AG indicati sulle nostre pagine Internet sono tutelati dalla legge. Ci\u00f2 vale, in particolare, per i nomi dei modelli nonch\u00e9 per tutti i loghi e gli emblemi aziendali.<\/p>\n<h2>DIRITTI DI LICENZA<\/h2>\n<p>Daimler Truck desidera offrire un programma Internet innovativo e informativo. Ci auguriamo pertanto che la nostra configurazione creativa piaccia agli utenti quanto piace a noi. Confidiamo tuttavia nella vostra comprensione, nel dirvi che Daimler Truck AG deve tutelare la sua propriet\u00e0 intellettuale, inclusi i brevetti, i marchi commerciali e i diritti d\u2019autore, e che queste pagine Internet non possono concedere alcun diritto di licenza sulla propriet\u00e0 intellettuale di Daimler Truck AG.<\/p>\n<h2>INDICAZIONI SULLE DICHIARAZIONI PREVISIONALI<\/h2>\n<p>Le pagine Internet di Daimler Truck AG contengono dichiarazioni previsionali che riflettono la nostra attuale valutazione di sviluppi futuri. Tali dichiarazioni previsionali sono identificate dall\u2019uso di termini quali \u00abaspiriamo\u00bb, \u00abambiamo\u00bb, \u00abprevediamo\u00bb, \u00absupponiamo\u00bb, \u00abcrediamo\u00bb, \u00abstimiamo\u00bb, \u00abci aspettiamo\u00bb, \u00abintendiamo\u00bb, \u00abpossiamo\/potremmo\u00bb, \u00abpianifichiamo\u00bb, \u00abproiettiamo\u00bb, \u00abdovremmo\u00bb e simili.<\/p>\n<p>Tali dichiarazioni sono soggette a una serie di rischi e incertezze. Alcuni esempi al riguardo sono:<\/p>\n<ul>\n<li>un andamento sfavorevole della situazione economica mondiale, in particolare un calo della domanda nei nostri principali mercati di vendita;<\/li>\n<li>un peggioramento delle nostre possibilit\u00e0 di rifinanziamento sui mercati finanziari e creditizi;<\/li>\n<li>eventi di forza maggiore inevitabili, come catastrofi naturali, pandemie, atti terroristici, disordini politici, conflitti bellici, incidenti industriali e i loro effetti sulle nostre attivit\u00e0 di vendita, acquisto, produzione o finanziamento;<\/li>\n<li>variazioni dei tassi di cambio, delle disposizioni doganali e del commercio estero;<\/li>\n<li>un cambiamento del comportamento dei consumatori;<\/li>\n<li>un potenziale calo di accettazione dei nostri prodotti e servizi, con conseguenti ripercussioni negative sull\u2019applicazione dei prezzi e sul tasso di utilizzo delle capacit\u00e0 di produzione;<\/li>\n<li>aumenti del prezzo del carburante e delle materie prime;<\/li>\n<li>interruzioni della produzione dovute a scarsit\u00e0 di materiali, scioperi del personale o insolvenze dei fornitori;<\/li>\n<li>una diminuzione dei prezzi di rivendita dei veicoli usati;<\/li>\n<li>l\u2019attuazione efficace delle misure di riduzione dei costi e di incremento dell\u2019efficienza;<\/li>\n<li>le prospettive commerciali delle societ\u00e0 in cui deteniamo partecipazioni significative;<\/li>\n<li>la realizzazione efficace di collaborazioni strategiche e joint venture;<\/li>\n<li>le modifiche di leggi, disposizioni e direttive ufficiali, in particolare per quanto riguarda le emissioni dei veicoli, il consumo di carburante e la sicurezza; nonch\u00e9<\/li>\n<li>la conclusione di indagini in corso o disposte dalle autorit\u00e0 e l\u2019esito di procedimenti legali pendenti o incombenti in futuro e altri rischi e incertezze, alcuni dei quali sono descritti nel nostro attuale rapporto di gestione o nell\u2019attuale rapporto intermedio intitolato \u00abRelazione sui rischi e sulle opportunit\u00e0\u00bb.<\/li>\n<\/ul>\n<p>Se dovesse presentarsi uno di questi fattori di incertezza o una di queste incertezze, o se le ipotesi alla base delle dichiarazioni previsionali dovessero rivelarsi inesatte, i risultati effettivi potrebbero discostarsi sensibilmente dai risultati indicati o implicitamente formulati in tali dichiarazioni.<\/p>\n<p>Non intendiamo aggiornare costantemente le dichiarazioni previsionali n\u00e9 ci assumiamo un impegno in tal senso, poich\u00e9 esse si basano esclusivamente sulle circostanze alla loro data di pubblicazione.<\/p>\n<h2>RESPONSABILIT\u00c0<\/h2>\n<p>Le informazioni e i dati contenuti su queste pagine non costituiscono un impegno o una garanzia, n\u00e9 esplicitamente n\u00e9 tacitamente. In particolare, esse non costituiscono una tacita promessa o garanzia circa la natura, la commerciabilit\u00e0, l\u2019idoneit\u00e0 a determinati scopi o la mancata violazione di leggi e brevetti.<\/p>\n<p>Nel caso in cui sui nostri siti web venga dato un consiglio o una raccomandazione, Daimler Truck AG\/Daimler Truck Svizzera SA non \u00e8 tenuta a risarcire il danno derivante dall\u2019osservanza del consiglio o della raccomandazione, fatta salva la responsabilit\u00e0 derivante da un rapporto contrattuale, da un atto illecito o da qualunque altra disposizione legale.<\/p>\n<p>In caso di download di file messi a disposizione da Daimler Truck AG\/Daimler Truck Svizzera SA sulle sue pagine Internet, quest\u2019ultima declina inoltre qualsivoglia responsabilit\u00e0 per violazioni degli obblighi per negligenza lieve, nella misura in cui non si tratti di violazioni di obblighi contrattuali fondamentali, della vita, dell\u2019incolumit\u00e0 fisica e della salute o di pretese ai sensi della Legge sulla responsabilit\u00e0 per danno da prodotti. Lo stesso vale per violazioni degli obblighi da parte dei nostri ausiliari.<\/p>\n<p>Sulle nostre pagine Internet \u00e8 possibile trovare anche link ad altri siti. Desideriamo fare notare che non abbiamo alcuna influenza sulla configurazione e sul contenuto dei siti ai quali si rimanda mediante link. Non siamo pertanto in grado di fornire alcuna garanzia circa l\u2019attualit\u00e0, la correttezza, la completezza o la qualit\u00e0 delle informazioni fornite. Ci\u00f2 premesso, prendiamo le distanze da tutti i contenuti di dette pagine. La presente dichiarazione vale per tutti i link sulle nostre pagine Internet che rimandano a siti esterni e ai loro contenuti.<\/p>\n<p><b>Nota ai sensi dell\u2019art.\u00a036 della Legge federale tedesca sulla risoluzione delle controversie dei consumatori (VSBG)<\/b>\u00a0.<br \/>\nSe applicabile, Daimler Truck AG non prende parte ad alcuna procedura di risoluzione delle controversie dei consumatori dinanzi a un organo di conciliazione ai sensi della Legge federale tedesca sulla risoluzione delle controversie dei consumatori (VSBG) n\u00e9 \u00e8 tenuta a farlo.<\/p>\n<p><b>Ordine di priorit\u00e0.<br \/>\n<\/b>Le condizioni di utilizzo per un\u2019offerta digitale prevalgono sulle presenti informazioni a carattere legale.<\/p>\n<p>Stato: ottobre 2024<\/p>\n\n                    <\/div>\n                <\/div>[\/vc_column][\/vc_row]<\/p>\n<\/div>","protected":false},"excerpt":{"rendered":"<\/p>\n","protected":false},"author":44,"featured_media":0,"parent":0,"menu_order":9,"comment_status":"closed","ping_status":"closed","template":"templates\/template-default-hero.php","meta":{"_acf_changed":false,"footnotes":""},"class_list":["post-21895","page","type-page","status-publish","hentry"],"acf":[],"yoast_head":"<!-- This site is optimized with the Yoast SEO plugin v27.4 - https:\/\/yoast.com\/product\/yoast-seo-wordpress\/ -->\n<title>Informazioni a carattere legale - FUSO Trucks CH<\/title>\n<meta name=\"description\" content=\"INFORMAZIONI A CARATTERE LEGALE.\" \/>\n<meta name=\"robots\" content=\"noindex, follow\" \/>\n<meta property=\"og:locale\" content=\"it_IT\" \/>\n<meta property=\"og:type\" content=\"article\" \/>\n<meta property=\"og:title\" content=\"Informazioni a carattere legale - FUSO Trucks CH\" \/>\n<meta property=\"og:description\" content=\"INFORMAZIONI A CARATTERE LEGALE.\" \/>\n<meta property=\"og:url\" content=\"https:\/\/www.fuso-trucks.ch\/it\/informazioni-a-carattere-legale\/\" \/>\n<meta property=\"og:site_name\" content=\"FUSO Trucks CH\" \/>\n<meta property=\"article:modified_time\" content=\"2025-05-06T13:18:05+00:00\" \/>\n<meta name=\"twitter:card\" content=\"summary_large_image\" \/>\n<meta name=\"twitter:label1\" content=\"Est. reading time\" \/>\n\t<meta name=\"twitter:data1\" content=\"4 minutes\" \/>\n<script type=\"application\/ld+json\" class=\"yoast-schema-graph\">{\"@context\":\"https:\\\/\\\/schema.org\",\"@graph\":[{\"@type\":\"WebPage\",\"@id\":\"https:\\\/\\\/www.fuso-trucks.ch\\\/it\\\/informazioni-a-carattere-legale\\\/\",\"url\":\"https:\\\/\\\/www.fuso-trucks.ch\\\/it\\\/informazioni-a-carattere-legale\\\/\",\"name\":\"Informazioni a carattere legale - FUSO Trucks CH\",\"isPartOf\":{\"@id\":\"https:\\\/\\\/www.fuso-trucks.ch\\\/it\\\/#website\"},\"datePublished\":\"2022-10-31T14:29:12+00:00\",\"dateModified\":\"2025-05-06T13:18:05+00:00\",\"description\":\"INFORMAZIONI A CARATTERE LEGALE.\",\"breadcrumb\":{\"@id\":\"https:\\\/\\\/www.fuso-trucks.ch\\\/it\\\/informazioni-a-carattere-legale\\\/#breadcrumb\"},\"inLanguage\":\"it-CH\",\"potentialAction\":[{\"@type\":\"ReadAction\",\"target\":[\"https:\\\/\\\/www.fuso-trucks.ch\\\/it\\\/informazioni-a-carattere-legale\\\/\"]}]},{\"@type\":\"BreadcrumbList\",\"@id\":\"https:\\\/\\\/www.fuso-trucks.ch\\\/it\\\/informazioni-a-carattere-legale\\\/#breadcrumb\",\"itemListElement\":[{\"@type\":\"ListItem\",\"position\":1,\"name\":\"Home\",\"item\":\"https:\\\/\\\/www.fuso-trucks.ch\\\/it\\\/\"},{\"@type\":\"ListItem\",\"position\":2,\"name\":\"Informazioni a carattere legale\"}]},{\"@type\":\"WebSite\",\"@id\":\"https:\\\/\\\/www.fuso-trucks.ch\\\/it\\\/#website\",\"url\":\"https:\\\/\\\/www.fuso-trucks.ch\\\/it\\\/\",\"name\":\"FUSO Trucks CH\",\"description\":\"\",\"potentialAction\":[{\"@type\":\"SearchAction\",\"target\":{\"@type\":\"EntryPoint\",\"urlTemplate\":\"https:\\\/\\\/www.fuso-trucks.ch\\\/it\\\/?s={search_term_string}\"},\"query-input\":{\"@type\":\"PropertyValueSpecification\",\"valueRequired\":true,\"valueName\":\"search_term_string\"}}],\"inLanguage\":\"it-CH\"}]}<\/script>\n<!-- \/ Yoast SEO plugin. -->","yoast_head_json":{"title":"Informazioni a carattere legale - FUSO Trucks CH","description":"INFORMAZIONI A CARATTERE LEGALE.","robots":{"index":"noindex","follow":"follow"},"og_locale":"it_IT","og_type":"article","og_title":"Informazioni a carattere legale - FUSO Trucks CH","og_description":"INFORMAZIONI A CARATTERE LEGALE.","og_url":"https:\/\/www.fuso-trucks.ch\/it\/informazioni-a-carattere-legale\/","og_site_name":"FUSO Trucks CH","article_modified_time":"2025-05-06T13:18:05+00:00","twitter_card":"summary_large_image","twitter_misc":{"Est. reading time":"4 minutes"},"schema":{"@context":"https:\/\/schema.org","@graph":[{"@type":"WebPage","@id":"https:\/\/www.fuso-trucks.ch\/it\/informazioni-a-carattere-legale\/","url":"https:\/\/www.fuso-trucks.ch\/it\/informazioni-a-carattere-legale\/","name":"Informazioni a carattere legale - FUSO Trucks CH","isPartOf":{"@id":"https:\/\/www.fuso-trucks.ch\/it\/#website"},"datePublished":"2022-10-31T14:29:12+00:00","dateModified":"2025-05-06T13:18:05+00:00","description":"INFORMAZIONI A CARATTERE LEGALE.","breadcrumb":{"@id":"https:\/\/www.fuso-trucks.ch\/it\/informazioni-a-carattere-legale\/#breadcrumb"},"inLanguage":"it-CH","potentialAction":[{"@type":"ReadAction","target":["https:\/\/www.fuso-trucks.ch\/it\/informazioni-a-carattere-legale\/"]}]},{"@type":"BreadcrumbList","@id":"https:\/\/www.fuso-trucks.ch\/it\/informazioni-a-carattere-legale\/#breadcrumb","itemListElement":[{"@type":"ListItem","position":1,"name":"Home","item":"https:\/\/www.fuso-trucks.ch\/it\/"},{"@type":"ListItem","position":2,"name":"Informazioni a carattere legale"}]},{"@type":"WebSite","@id":"https:\/\/www.fuso-trucks.ch\/it\/#website","url":"https:\/\/www.fuso-trucks.ch\/it\/","name":"FUSO Trucks CH","description":"","potentialAction":[{"@type":"SearchAction","target":{"@type":"EntryPoint","urlTemplate":"https:\/\/www.fuso-trucks.ch\/it\/?s={search_term_string}"},"query-input":{"@type":"PropertyValueSpecification","valueRequired":true,"valueName":"search_term_string"}}],"inLanguage":"it-CH"}]}},"_links":{"self":[{"href":"https:\/\/www.fuso-trucks.ch\/it\/wp-json\/wp\/v2\/pages\/21895","targetHints":{"allow":["GET"]}}],"collection":[{"href":"https:\/\/www.fuso-trucks.ch\/it\/wp-json\/wp\/v2\/pages"}],"about":[{"href":"https:\/\/www.fuso-trucks.ch\/it\/wp-json\/wp\/v2\/types\/page"}],"author":[{"embeddable":true,"href":"https:\/\/www.fuso-trucks.ch\/it\/wp-json\/wp\/v2\/users\/44"}],"replies":[{"embeddable":true,"href":"https:\/\/www.fuso-trucks.ch\/it\/wp-json\/wp\/v2\/comments?post=21895"}],"version-history":[{"count":5,"href":"https:\/\/www.fuso-trucks.ch\/it\/wp-json\/wp\/v2\/pages\/21895\/revisions"}],"predecessor-version":[{"id":23693,"href":"https:\/\/www.fuso-trucks.ch\/it\/wp-json\/wp\/v2\/pages\/21895\/revisions\/23693"}],"wp:attachment":[{"href":"https:\/\/www.fuso-trucks.ch\/it\/wp-json\/wp\/v2\/media?parent=21895"}],"curies":[{"name":"wp","href":"https:\/\/api.w.org\/{rel}","templated":true}]}}