{"id":21705,"date":"2022-10-27T14:26:55","date_gmt":"2022-10-27T12:26:55","guid":{"rendered":"https:\/\/ch.fuso-trucks.de\/branches\/jardinage-et-amenagement-paysager\/"},"modified":"2023-06-29T16:21:31","modified_gmt":"2023-06-29T14:21:31","slug":"jardinage-et-amenagement-paysager","status":"publish","type":"page","link":"https:\/\/www.fuso-trucks.ch\/fr\/branches\/jardinage-et-amenagement-paysager\/","title":{"rendered":"Jardinage et am\u00e9nagement paysager"},"content":{"rendered":"<div class=\"wpb-content-wrapper\"><p>[vc_row][vc_column]\n    <div class=\"wpb_content_element highlights\" ><h2 class=\"highlights__title\">LE FUSO CANTER POUR LES TRAVAUX DE JARDINAGE ET D'AM\u00c9NAGEMENT PAYSAGER.<\/h2><div class=\"highlights__container\">\n        <ul class=\"highlights__slider-for slick-slider\">\n            <li class=\" highlights__list__element\" ><div class=\"highlights__list__element__container\"><div class=\"highlights__list__element__image\"><img decoding=\"async\" class=\"\" src=\"https:\/\/www.fuso-trucks.ch\/wp-content\/uploads\/sites\/7\/2022\/08\/branch_gl_top5.jpg\" alt=\"\" \/><\/div><div class=\"highlights__list__element__description wpb_text_column\"><h3>TOP 5.<\/h3>\n<ul>\n<li><strong>TROIS VARIANTES DE CABINES.<\/strong> En fonction du tonnage, le Canter est disponible avec une cabine standard, une cabine confort ou une cabine double confort et offre 3 ou jusqu&#8217;\u00e0 7 places assises \u00e0 part enti\u00e8re.<\/li>\n<li><strong>JUSQU&#8217;\u00c0 3,5 T DE CHARGE REMORQU\u00c9E.<\/strong> Le Canter peut \u00e9galement tracter des remorques lourdes.<\/li>\n<li><strong>CADRE EN ACIER PROFIL\u00c9 EN C.<\/strong> Gr\u00e2ce \u00e0 sa conception robuste, le Canter peut faire face \u00e0 presque toutes les t\u00e2ches de transport dans le secteur de l&#8217;am\u00e9nagement paysager.<\/li>\n<li><strong>V\u00c9HICULE PORTEUR ID\u00c9AL.<\/strong> Le Canter est bien entendu adapt\u00e9 au montage de grues de chargement et constitue donc une option int\u00e9ressante pour d&#8217;autres corps de m\u00e9tier, comme les tailleurs de pierre par exemple.<\/li>\n<li><strong>SUSPENSION \u00c0 ROUES IND\u00c9PENDANTES.<\/strong> Dans le Canter 3,5 t, le confort de suspension \u00e9lev\u00e9 assure une conduite s\u00fbre et dynamique.<\/li>\n<\/ul>\n<\/div>\n                <div class=\"highlights__list__element__dots\">\n                  <div class=\"highlights__list__element__dots__icon fuso-icon\"><i class=\"icon-industries_top_5\"><\/i><\/div>\n                  <div class=\"highlights__list__element__dots__label\"><span>TOP 5.<\/span><\/div>\n                <\/div><\/div><\/li><li class=\" highlights__list__element\" ><div class=\"highlights__list__element__container\"><div class=\"highlights__list__element__image\"><img decoding=\"async\" class=\"\" src=\"https:\/\/www.fuso-trucks.ch\/wp-content\/uploads\/sites\/7\/2022\/08\/branch_gl_praxisnah.jpg\" alt=\"\" \/><\/div><div class=\"highlights__list__element__description wpb_text_column\"><h3>PROCHE DE LA PRATIQUE.<\/h3>\n<ul>\n<li><strong>LE PLUS PETIT CIRCUIT.<\/strong> Sur le Canter 3,5 t, avec cabine simple confort, son diam\u00e8tre de 10,2 m seulement est d&#8217;une compacit\u00e9 in\u00e9gal\u00e9e dans sa cat\u00e9gorie et le rend tr\u00e8s maniable et agile.<\/li>\n<li><strong>FACILE \u00c0 MAN\u0152UVRER.<\/strong> Le Canter se laisse facilement conduire gr\u00e2ce \u00e0 la bo\u00eete de vitesses \u00e0 double embrayage DUONIC\u00ae 2.0 en option avec fonction de vitesse rampante.<\/li>\n<li><strong>PERMIS DE CONDUIRE POUR VOITURE.<\/strong> Le Canter peut \u00eatre conduit avec la classe B jusqu&#8217;\u00e0 3,5 tonnes de poids total autoris\u00e9 en charge (PTAC)..<\/li>\n<li><strong>BORD DE CHARGEMENT BAS.<\/strong> Le chargement et le d\u00e9chargement sont tr\u00e8s simples avec le Canter.<\/li>\n<li><strong>VARIANTE \u00c9TROITE.<\/strong> Avec sa cabine standard de seulement 1,7 m de large, le Canter marque des points sur les voies de stationnement, les routes \u00e9troites et les passages \u00e9troits.<\/li>\n<\/ul>\n<\/div>\n                <div class=\"highlights__list__element__dots\">\n                  <div class=\"highlights__list__element__dots__icon fuso-icon\"><i class=\"icon-industries_practical\"><\/i><\/div>\n                  <div class=\"highlights__list__element__dots__label\"><span>PROCHE DE LA PRATIQUE.<\/span><\/div>\n                <\/div><\/div><\/li><li class=\" highlights__list__element\" ><div class=\"highlights__list__element__container\"><div class=\"highlights__list__element__image\"><img decoding=\"async\" class=\"\" src=\"https:\/\/www.fuso-trucks.ch\/wp-content\/uploads\/sites\/7\/2022\/08\/branch_gl_variabel.jpg\" alt=\"\" \/><\/div><div class=\"highlights__list__element__description wpb_text_column\"><h3><strong>VARIABEL.<\/strong><\/h3>\n<ul>\n<li><strong>ALONGUEURS DE CAPACIT\u00c9 JUSQU&#8217;\u00c0 7,2 M.<\/strong> Le Canter permet, en fonction du tonnage, des longueurs de ch\u00e2ssis diff\u00e9rentes. De plus, en tant que Canter 3,5 t avec un empattement de 3.850 mm, il offre avec 5,7 m la plus longue longueur de carrosserie de son segment.<\/li>\n<li><strong>SIX EMPATTEMENTS DE ROUES.<\/strong> Conf\u00e8rent au Canter une grande variabilit\u00e9.<\/li>\n<\/ul>\n<\/div>\n                <div class=\"highlights__list__element__dots\">\n                  <div class=\"highlights__list__element__dots__icon fuso-icon\"><i class=\"icon-industries_variable\"><\/i><\/div>\n                  <div class=\"highlights__list__element__dots__label\"><span>VARIABLE.<\/span><\/div>\n                <\/div><\/div><\/li><li class=\" highlights__list__element\" ><div class=\"highlights__list__element__container\"><div class=\"highlights__list__element__image\"><img decoding=\"async\" class=\"\" src=\"https:\/\/www.fuso-trucks.ch\/wp-content\/uploads\/sites\/7\/2022\/08\/branch_gl_galerie-5.jpg\" alt=\"\" \/><\/div><div class=\"highlights__list__element__description wpb_text_column\"><h3>ROBUSTE.<\/h3>\n<ul>\n<li><strong>CAPACIT\u00c9 DE CHARGE \u00c9LEV\u00c9E DU CH SSIS.<\/strong> Pr\u00e8s de 5 tonnes pour le Canter 7,5 t et environ 6 tonnes pour le Canter 8,55 t constituent la base d&#8217;une charge utile convaincante.<\/li>\n<li><strong>VARIANTE 4X4.<\/strong> Avec des pneus jumel\u00e9s et une transmission int\u00e9grale activable, un r\u00e9ducteur et un blocage de diff\u00e9rentiel, le Canter combine une traction accrue et une rentabilit\u00e9 ax\u00e9e sur la consommation en fonction des besoins.<\/li>\n<\/ul>\n<\/div>\n                <div class=\"highlights__list__element__dots\">\n                  <div class=\"highlights__list__element__dots__icon fuso-icon\"><i class=\"icon-products_usp5-robust\"><\/i><\/div>\n                  <div class=\"highlights__list__element__dots__label\"><span>ROBUSTE.<\/span><\/div>\n                <\/div><\/div><\/li><li class=\" highlights__list__element\" ><div class=\"highlights__list__element__container\"><div class=\"highlights__list__element__image\"><img decoding=\"async\" class=\"\" src=\"https:\/\/www.fuso-trucks.ch\/wp-content\/uploads\/sites\/7\/2022\/08\/branch_gl_aufbaufreundlich.jpg\" alt=\"\" \/><\/div><div class=\"highlights__list__element__description wpb_text_column\"><h3>FACILE \u00c0 MONTER.<\/h3>\n<ul>\n<li><strong>SUPERSTRUCTURES D&#8217;USINE FUSO.<\/strong> Des options pour le Canter avec benne et plateau dans diff\u00e9rentes versions offrent un ensemble complet livrable rapidement, garantie comprise.<\/li>\n<li><strong>SUR DEMANDE.<\/strong> Gr\u00e2ce \u00e0 l&#8217;\u00e9troite collaboration de FUSO avec tous les fabricants courants, le Canter peut \u00eatre \u00e9quip\u00e9 de presque toutes les marques de carrosserie.<\/li>\n<li><strong>FLEXIBILIT\u00c9 ABSOLUE DE LA CARROSSERIE.<\/strong> Le Canter offre une grande flexibilit\u00e9 gr\u00e2ce \u00e0 ses prises de force optionnelles, disponibles d\u00e9part usine, et \u00e0 son interface 24 volts.<\/li>\n<\/ul>\n<\/div>\n                <div class=\"highlights__list__element__dots\">\n                  <div class=\"highlights__list__element__dots__icon fuso-icon\"><i class=\"icon-industries_construction_friendliness\"><\/i><\/div>\n                  <div class=\"highlights__list__element__dots__label\"><span>FACILE \u00c0 MONTER.<\/span><\/div>\n                <\/div><\/div><\/li><li class=\" highlights__list__element\" ><div class=\"highlights__list__element__container\"><div class=\"highlights__list__element__image\"><img decoding=\"async\" class=\"\" src=\"https:\/\/www.fuso-trucks.ch\/wp-content\/uploads\/sites\/7\/2022\/08\/branch_gl_effizient.jpg\" alt=\"\" \/><\/div><div class=\"highlights__list__element__description wpb_text_column\"><h3>EFFICACE.<\/h3>\n<ul>\n<li><strong>DES MOTEURS 3 LITRES \u00c0 FORTE PUISSANCE DE TRACTION.<\/strong> Disponible pour le Canter, en fonction du tonnage, dans trois classes de puissance diff\u00e9rentes. Tous les moteurs sont \u00e9conomiques et r\u00e9pondent \u00e0 la norme EURO VI (niveau E).<\/li>\n<li><strong>FONCTION START-STOP.<\/strong> Confortable, \u00e9conome en carburant et de s\u00e9rie sur tous les moteurs du Canter.<\/li>\n<\/ul>\n<\/div>\n                <div class=\"highlights__list__element__dots\">\n                  <div class=\"highlights__list__element__dots__icon fuso-icon\"><i class=\"icon-industries_efficient\"><\/i><\/div>\n                  <div class=\"highlights__list__element__dots__label\"><span>EFFICACE.<\/span><\/div>\n                <\/div><\/div><\/li><li class=\" highlights__list__element\" ><div class=\"highlights__list__element__container\"><div class=\"highlights__list__element__image\"><img decoding=\"async\" class=\"\" src=\"https:\/\/www.fuso-trucks.ch\/wp-content\/uploads\/sites\/7\/2022\/08\/branch_gl_komfortabel.jpg\" alt=\"\" \/><\/div><div class=\"highlights__list__element__description wpb_text_column\"><h3>CONFORTABLE.<\/h3>\n<ul>\n<li><strong>TR\u00c8S BONNE VISION PANORAMIQUE.<\/strong> Permise par le Canter dans toutes les situations de conduite gr\u00e2ce \u00e0 son pare-brise plat et ses vitres lat\u00e9rales g\u00e9n\u00e9reuses.<\/li>\n<li><strong>R\u00c9GLABLE EN CONTINU.<\/strong> Le volant du Canter s&#8217;adapte \u00e0 la taille du conducteur.<\/li>\n<li><strong>DES POSSIBILIT\u00c9S DE RANGEMENT BIEN PENS\u00c9ES.<\/strong> Ils permettent de ranger les gants de travail et d&#8217;autres objets dans le Canter.<\/li>\n<li><strong>TEMP\u00c9RATURE AGR\u00c9ABLE DANS L&#8217;HABITACLE.<\/strong> Le Canter y veille, qu&#8217;il fasse chaud ou froid, en offrant le choix entre une climatisation automatique ou une climatisation manuelle. Pour la double cabine, il existe une ventilation suppl\u00e9mentaire \u00e0 commande s\u00e9par\u00e9e.<\/li>\n<\/ul>\n<\/div>\n                <div class=\"highlights__list__element__dots\">\n                  <div class=\"highlights__list__element__dots__icon fuso-icon\"><i class=\"icon-industries_comfortable\"><\/i><\/div>\n                  <div class=\"highlights__list__element__dots__label\"><span>CONFORTABLE.<\/span><\/div>\n                <\/div><\/div><\/li><li class=\" highlights__list__element\" ><div class=\"highlights__list__element__container\"><div class=\"highlights__list__element__image\"><img decoding=\"async\" class=\"\" src=\"https:\/\/www.fuso-trucks.ch\/wp-content\/uploads\/sites\/7\/2022\/08\/branch_gl_sicher.jpg\" alt=\"\" \/><\/div><div class=\"highlights__list__element__description wpb_text_column\"><h3>S\u00c9CURIT\u00c9.<\/h3>\n<ul>\n<li><strong>DES SYST\u00c8MES D&#8217;ASSISTANCE ET DE S\u00c9CURIT\u00c9 MODERNES.<\/strong> Le Canter contribue \u00e0 une plus grande s\u00e9curit\u00e9 pour les autres usagers de la route gr\u00e2ce \u00e0 des fonctions telles que l&#8217;assistant de changement de direction ou l&#8217;assistant de maintien dans la voie.<\/li>\n<li><strong>FONCTION AUTOLIGHT.<\/strong> Le Canter prend en charge de s\u00e9rie l&#8217;allumage automatique des phares pour le conducteur.<\/li>\n<li><strong>AVERTISSEUR DE CEINTURE DE S\u00c9CURIT\u00c9.<\/strong> Le Canter d\u00e9tecte<br \/>\nsi les ceintures sont boucl\u00e9es \u00e0 toutes les places assises occup\u00e9es et signale leur absence par un signal sonore.<\/li>\n<\/ul>\n<\/div>\n                <div class=\"highlights__list__element__dots\">\n                  <div class=\"highlights__list__element__dots__icon fuso-icon\"><i class=\"icon-industries_secure\"><\/i><\/div>\n                  <div class=\"highlights__list__element__dots__label\"><span>S\u00c9CURIT\u00c9.<\/span><\/div>\n                <\/div><\/div><\/li><li class=\" highlights__list__element\" ><div class=\"highlights__list__element__container\"><div class=\"highlights__list__element__image\"><img decoding=\"async\" class=\"\" src=\"https:\/\/www.fuso-trucks.ch\/wp-content\/uploads\/sites\/7\/2022\/08\/branch_bg_wartungsfreundlich.jpg\" alt=\"\" \/><\/div><div class=\"highlights__list__element__description wpb_text_column\"><h3>FACILE \u00c0 ENTRETENIR.<\/h3>\n<ul>\n<li><strong>BONNE ACCESSIBILIT\u00c9.<\/strong> L&#8217;entretien r\u00e9gulier du Canter est simplifi\u00e9 gr\u00e2ce \u00e0 des points d&#8217;entretien facilement accessibles et, si des travaux importants sont n\u00e9cessaires, sa cabine peut \u00eatre facilement bascul\u00e9e.<\/li>\n<\/ul>\n<\/div>\n                <div class=\"highlights__list__element__dots\">\n                  <div class=\"highlights__list__element__dots__icon fuso-icon\"><i class=\"icon-industries_maintenance_friendly\"><\/i><\/div>\n                  <div class=\"highlights__list__element__dots__label\"><span>FACILE \u00c0 ENTRETENIR.<\/span><\/div>\n                <\/div><\/div><\/li>\n        <\/ul>\n        <ul class=\"highlights__list slick-slider\">\n            <li class=\" highlights__list__element\" ><div class=\"highlights__list__element__container\"><div class=\"highlights__list__element__image\"><img decoding=\"async\" class=\"\" src=\"https:\/\/www.fuso-trucks.ch\/wp-content\/uploads\/sites\/7\/2022\/08\/branch_gl_top5.jpg\" alt=\"\" \/><\/div><div class=\"highlights__list__element__description wpb_text_column\"><h3>TOP 5.<\/h3>\n<ul>\n<li><strong>TROIS VARIANTES DE CABINES.<\/strong> En fonction du tonnage, le Canter est disponible avec une cabine standard, une cabine confort ou une cabine double confort et offre 3 ou jusqu&#8217;\u00e0 7 places assises \u00e0 part enti\u00e8re.<\/li>\n<li><strong>JUSQU&#8217;\u00c0 3,5 T DE CHARGE REMORQU\u00c9E.<\/strong> Le Canter peut \u00e9galement tracter des remorques lourdes.<\/li>\n<li><strong>CADRE EN ACIER PROFIL\u00c9 EN C.<\/strong> Gr\u00e2ce \u00e0 sa conception robuste, le Canter peut faire face \u00e0 presque toutes les t\u00e2ches de transport dans le secteur de l&#8217;am\u00e9nagement paysager.<\/li>\n<li><strong>V\u00c9HICULE PORTEUR ID\u00c9AL.<\/strong> Le Canter est bien entendu adapt\u00e9 au montage de grues de chargement et constitue donc une option int\u00e9ressante pour d&#8217;autres corps de m\u00e9tier, comme les tailleurs de pierre par exemple.<\/li>\n<li><strong>SUSPENSION \u00c0 ROUES IND\u00c9PENDANTES.<\/strong> Dans le Canter 3,5 t, le confort de suspension \u00e9lev\u00e9 assure une conduite s\u00fbre et dynamique.<\/li>\n<\/ul>\n<\/div>\n                <div class=\"highlights__list__element__dots\">\n                  <div class=\"highlights__list__element__dots__icon fuso-icon\"><i class=\"icon-industries_top_5\"><\/i><\/div>\n                  <div class=\"highlights__list__element__dots__label\"><span>TOP 5.<\/span><\/div>\n                <\/div><\/div><\/li><li class=\" highlights__list__element\" ><div class=\"highlights__list__element__container\"><div class=\"highlights__list__element__image\"><img decoding=\"async\" class=\"\" src=\"https:\/\/www.fuso-trucks.ch\/wp-content\/uploads\/sites\/7\/2022\/08\/branch_gl_praxisnah.jpg\" alt=\"\" \/><\/div><div class=\"highlights__list__element__description wpb_text_column\"><h3>PROCHE DE LA PRATIQUE.<\/h3>\n<ul>\n<li><strong>LE PLUS PETIT CIRCUIT.<\/strong> Sur le Canter 3,5 t, avec cabine simple confort, son diam\u00e8tre de 10,2 m seulement est d&#8217;une compacit\u00e9 in\u00e9gal\u00e9e dans sa cat\u00e9gorie et le rend tr\u00e8s maniable et agile.<\/li>\n<li><strong>FACILE \u00c0 MAN\u0152UVRER.<\/strong> Le Canter se laisse facilement conduire gr\u00e2ce \u00e0 la bo\u00eete de vitesses \u00e0 double embrayage DUONIC\u00ae 2.0 en option avec fonction de vitesse rampante.<\/li>\n<li><strong>PERMIS DE CONDUIRE POUR VOITURE.<\/strong> Le Canter peut \u00eatre conduit avec la classe B jusqu&#8217;\u00e0 3,5 tonnes de poids total autoris\u00e9 en charge (PTAC)..<\/li>\n<li><strong>BORD DE CHARGEMENT BAS.<\/strong> Le chargement et le d\u00e9chargement sont tr\u00e8s simples avec le Canter.<\/li>\n<li><strong>VARIANTE \u00c9TROITE.<\/strong> Avec sa cabine standard de seulement 1,7 m de large, le Canter marque des points sur les voies de stationnement, les routes \u00e9troites et les passages \u00e9troits.<\/li>\n<\/ul>\n<\/div>\n                <div class=\"highlights__list__element__dots\">\n                  <div class=\"highlights__list__element__dots__icon fuso-icon\"><i class=\"icon-industries_practical\"><\/i><\/div>\n                  <div class=\"highlights__list__element__dots__label\"><span>PROCHE DE LA PRATIQUE.<\/span><\/div>\n                <\/div><\/div><\/li><li class=\" highlights__list__element\" ><div class=\"highlights__list__element__container\"><div class=\"highlights__list__element__image\"><img decoding=\"async\" class=\"\" src=\"https:\/\/www.fuso-trucks.ch\/wp-content\/uploads\/sites\/7\/2022\/08\/branch_gl_variabel.jpg\" alt=\"\" \/><\/div><div class=\"highlights__list__element__description wpb_text_column\"><h3><strong>VARIABEL.<\/strong><\/h3>\n<ul>\n<li><strong>ALONGUEURS DE CAPACIT\u00c9 JUSQU&#8217;\u00c0 7,2 M.<\/strong> Le Canter permet, en fonction du tonnage, des longueurs de ch\u00e2ssis diff\u00e9rentes. De plus, en tant que Canter 3,5 t avec un empattement de 3.850 mm, il offre avec 5,7 m la plus longue longueur de carrosserie de son segment.<\/li>\n<li><strong>SIX EMPATTEMENTS DE ROUES.<\/strong> Conf\u00e8rent au Canter une grande variabilit\u00e9.<\/li>\n<\/ul>\n<\/div>\n                <div class=\"highlights__list__element__dots\">\n                  <div class=\"highlights__list__element__dots__icon fuso-icon\"><i class=\"icon-industries_variable\"><\/i><\/div>\n                  <div class=\"highlights__list__element__dots__label\"><span>VARIABLE.<\/span><\/div>\n                <\/div><\/div><\/li><li class=\" highlights__list__element\" ><div class=\"highlights__list__element__container\"><div class=\"highlights__list__element__image\"><img decoding=\"async\" class=\"\" src=\"https:\/\/www.fuso-trucks.ch\/wp-content\/uploads\/sites\/7\/2022\/08\/branch_gl_galerie-5.jpg\" alt=\"\" \/><\/div><div class=\"highlights__list__element__description wpb_text_column\"><h3>ROBUSTE.<\/h3>\n<ul>\n<li><strong>CAPACIT\u00c9 DE CHARGE \u00c9LEV\u00c9E DU CH SSIS.<\/strong> Pr\u00e8s de 5 tonnes pour le Canter 7,5 t et environ 6 tonnes pour le Canter 8,55 t constituent la base d&#8217;une charge utile convaincante.<\/li>\n<li><strong>VARIANTE 4X4.<\/strong> Avec des pneus jumel\u00e9s et une transmission int\u00e9grale activable, un r\u00e9ducteur et un blocage de diff\u00e9rentiel, le Canter combine une traction accrue et une rentabilit\u00e9 ax\u00e9e sur la consommation en fonction des besoins.<\/li>\n<\/ul>\n<\/div>\n                <div class=\"highlights__list__element__dots\">\n                  <div class=\"highlights__list__element__dots__icon fuso-icon\"><i class=\"icon-products_usp5-robust\"><\/i><\/div>\n                  <div class=\"highlights__list__element__dots__label\"><span>ROBUSTE.<\/span><\/div>\n                <\/div><\/div><\/li><li class=\" highlights__list__element\" ><div class=\"highlights__list__element__container\"><div class=\"highlights__list__element__image\"><img decoding=\"async\" class=\"\" src=\"https:\/\/www.fuso-trucks.ch\/wp-content\/uploads\/sites\/7\/2022\/08\/branch_gl_aufbaufreundlich.jpg\" alt=\"\" \/><\/div><div class=\"highlights__list__element__description wpb_text_column\"><h3>FACILE \u00c0 MONTER.<\/h3>\n<ul>\n<li><strong>SUPERSTRUCTURES D&#8217;USINE FUSO.<\/strong> Des options pour le Canter avec benne et plateau dans diff\u00e9rentes versions offrent un ensemble complet livrable rapidement, garantie comprise.<\/li>\n<li><strong>SUR DEMANDE.<\/strong> Gr\u00e2ce \u00e0 l&#8217;\u00e9troite collaboration de FUSO avec tous les fabricants courants, le Canter peut \u00eatre \u00e9quip\u00e9 de presque toutes les marques de carrosserie.<\/li>\n<li><strong>FLEXIBILIT\u00c9 ABSOLUE DE LA CARROSSERIE.<\/strong> Le Canter offre une grande flexibilit\u00e9 gr\u00e2ce \u00e0 ses prises de force optionnelles, disponibles d\u00e9part usine, et \u00e0 son interface 24 volts.<\/li>\n<\/ul>\n<\/div>\n                <div class=\"highlights__list__element__dots\">\n                  <div class=\"highlights__list__element__dots__icon fuso-icon\"><i class=\"icon-industries_construction_friendliness\"><\/i><\/div>\n                  <div class=\"highlights__list__element__dots__label\"><span>FACILE \u00c0 MONTER.<\/span><\/div>\n                <\/div><\/div><\/li><li class=\" highlights__list__element\" ><div class=\"highlights__list__element__container\"><div class=\"highlights__list__element__image\"><img decoding=\"async\" class=\"\" src=\"https:\/\/www.fuso-trucks.ch\/wp-content\/uploads\/sites\/7\/2022\/08\/branch_gl_effizient.jpg\" alt=\"\" \/><\/div><div class=\"highlights__list__element__description wpb_text_column\"><h3>EFFICACE.<\/h3>\n<ul>\n<li><strong>DES MOTEURS 3 LITRES \u00c0 FORTE PUISSANCE DE TRACTION.<\/strong> Disponible pour le Canter, en fonction du tonnage, dans trois classes de puissance diff\u00e9rentes. Tous les moteurs sont \u00e9conomiques et r\u00e9pondent \u00e0 la norme EURO VI (niveau E).<\/li>\n<li><strong>FONCTION START-STOP.<\/strong> Confortable, \u00e9conome en carburant et de s\u00e9rie sur tous les moteurs du Canter.<\/li>\n<\/ul>\n<\/div>\n                <div class=\"highlights__list__element__dots\">\n                  <div class=\"highlights__list__element__dots__icon fuso-icon\"><i class=\"icon-industries_efficient\"><\/i><\/div>\n                  <div class=\"highlights__list__element__dots__label\"><span>EFFICACE.<\/span><\/div>\n                <\/div><\/div><\/li><li class=\" highlights__list__element\" ><div class=\"highlights__list__element__container\"><div class=\"highlights__list__element__image\"><img decoding=\"async\" class=\"\" src=\"https:\/\/www.fuso-trucks.ch\/wp-content\/uploads\/sites\/7\/2022\/08\/branch_gl_komfortabel.jpg\" alt=\"\" \/><\/div><div class=\"highlights__list__element__description wpb_text_column\"><h3>CONFORTABLE.<\/h3>\n<ul>\n<li><strong>TR\u00c8S BONNE VISION PANORAMIQUE.<\/strong> Permise par le Canter dans toutes les situations de conduite gr\u00e2ce \u00e0 son pare-brise plat et ses vitres lat\u00e9rales g\u00e9n\u00e9reuses.<\/li>\n<li><strong>R\u00c9GLABLE EN CONTINU.<\/strong> Le volant du Canter s&#8217;adapte \u00e0 la taille du conducteur.<\/li>\n<li><strong>DES POSSIBILIT\u00c9S DE RANGEMENT BIEN PENS\u00c9ES.<\/strong> Ils permettent de ranger les gants de travail et d&#8217;autres objets dans le Canter.<\/li>\n<li><strong>TEMP\u00c9RATURE AGR\u00c9ABLE DANS L&#8217;HABITACLE.<\/strong> Le Canter y veille, qu&#8217;il fasse chaud ou froid, en offrant le choix entre une climatisation automatique ou une climatisation manuelle. Pour la double cabine, il existe une ventilation suppl\u00e9mentaire \u00e0 commande s\u00e9par\u00e9e.<\/li>\n<\/ul>\n<\/div>\n                <div class=\"highlights__list__element__dots\">\n                  <div class=\"highlights__list__element__dots__icon fuso-icon\"><i class=\"icon-industries_comfortable\"><\/i><\/div>\n                  <div class=\"highlights__list__element__dots__label\"><span>CONFORTABLE.<\/span><\/div>\n                <\/div><\/div><\/li><li class=\" highlights__list__element\" ><div class=\"highlights__list__element__container\"><div class=\"highlights__list__element__image\"><img decoding=\"async\" class=\"\" src=\"https:\/\/www.fuso-trucks.ch\/wp-content\/uploads\/sites\/7\/2022\/08\/branch_gl_sicher.jpg\" alt=\"\" \/><\/div><div class=\"highlights__list__element__description wpb_text_column\"><h3>S\u00c9CURIT\u00c9.<\/h3>\n<ul>\n<li><strong>DES SYST\u00c8MES D&#8217;ASSISTANCE ET DE S\u00c9CURIT\u00c9 MODERNES.<\/strong> Le Canter contribue \u00e0 une plus grande s\u00e9curit\u00e9 pour les autres usagers de la route gr\u00e2ce \u00e0 des fonctions telles que l&#8217;assistant de changement de direction ou l&#8217;assistant de maintien dans la voie.<\/li>\n<li><strong>FONCTION AUTOLIGHT.<\/strong> Le Canter prend en charge de s\u00e9rie l&#8217;allumage automatique des phares pour le conducteur.<\/li>\n<li><strong>AVERTISSEUR DE CEINTURE DE S\u00c9CURIT\u00c9.<\/strong> Le Canter d\u00e9tecte<br \/>\nsi les ceintures sont boucl\u00e9es \u00e0 toutes les places assises occup\u00e9es et signale leur absence par un signal sonore.<\/li>\n<\/ul>\n<\/div>\n                <div class=\"highlights__list__element__dots\">\n                  <div class=\"highlights__list__element__dots__icon fuso-icon\"><i class=\"icon-industries_secure\"><\/i><\/div>\n                  <div class=\"highlights__list__element__dots__label\"><span>S\u00c9CURIT\u00c9.<\/span><\/div>\n                <\/div><\/div><\/li><li class=\" highlights__list__element\" ><div class=\"highlights__list__element__container\"><div class=\"highlights__list__element__image\"><img decoding=\"async\" class=\"\" src=\"https:\/\/www.fuso-trucks.ch\/wp-content\/uploads\/sites\/7\/2022\/08\/branch_bg_wartungsfreundlich.jpg\" alt=\"\" \/><\/div><div class=\"highlights__list__element__description wpb_text_column\"><h3>FACILE \u00c0 ENTRETENIR.<\/h3>\n<ul>\n<li><strong>BONNE ACCESSIBILIT\u00c9.<\/strong> L&#8217;entretien r\u00e9gulier du Canter est simplifi\u00e9 gr\u00e2ce \u00e0 des points d&#8217;entretien facilement accessibles et, si des travaux importants sont n\u00e9cessaires, sa cabine peut \u00eatre facilement bascul\u00e9e.<\/li>\n<\/ul>\n<\/div>\n                <div class=\"highlights__list__element__dots\">\n                  <div class=\"highlights__list__element__dots__icon fuso-icon\"><i class=\"icon-industries_maintenance_friendly\"><\/i><\/div>\n                  <div class=\"highlights__list__element__dots__label\"><span>FACILE \u00c0 ENTRETENIR.<\/span><\/div>\n                <\/div><\/div><\/li>\n        <\/ul>\n        <\/div>\n    <\/div>\n[\/vc_column][\/vc_row][vc_row][vc_column]\n                <div class=\"fusoeurope-text-image wpb_content_element bg--grey item--image--top \" >\n                    <div class=\"item item--image\">\n                        <img decoding=\"async\" class=\"layout-cover\" src=\"https:\/\/www.fuso-trucks.ch\/wp-content\/uploads\/sites\/7\/2022\/07\/FUSO_22c32184-1-1400x933.jpg\" alt=\"\" \/>\n                    <\/div>\n                    <div class=\"item item--text wpb_text_column\">\n                        <h2 class=\"styles__Root-sc-15iyh5a-0 ezamoy sc-bwzfXH ilZGwB styles__Root-sc-1myek4t-0 llcYES\">UNE BASE SOLIDE. LA FACILIT\u00c9 DE CARROSSAGE DU CANTER.<\/h2>\n<p>En tant que ch\u00e2ssis variable avec six empattements diff\u00e9rents, le FUSO Canter est la base id\u00e9ale pour presque toutes les superstructures. Son robuste cadre en \u00e9chelle en acier offre une capacit\u00e9 de charge particuli\u00e8rement \u00e9lev\u00e9e gr\u00e2ce \u00e0 sa conception en profil\u00e9 en C. La configuration d\u00e9taill\u00e9e des perforations du cadre le rend extr\u00eamement facile \u00e0 carroser et FUSO travaille en \u00e9troite collaboration avec tous les carrossiers courants. Les carrosseries d&#8217;usine du Canter pour plateau et benne basculante offrent en outre une disponibilit\u00e9 particuli\u00e8rement rapide.<\/p>\n\n                        <div class=\"link-container link-as-button\">\n                            <a href=\"https:\/\/www.fuso-trucks.ch\/fr\/superstructures\/\" class=\"read_more_button\">EN SAVOIR PLUS<\/a>\n                        <\/div>\n                    <\/div>\n                <\/div>[\/vc_column][\/vc_row][vc_row full_width=&#8221;stretch_row&#8221; el_class=&#8221;dealermap&#8221;][vc_column][vc_column_text]<\/p>\n<h2>PREMI\u00c8RE ADRESSE. LE R\u00c9SEAU DE CONCESSIONNAIRES ET D&#8217;ATELIERS CANTER.<\/h2>\n<p>Le FUSO Canter est un produit de Daimler Truck AG et est disponible dans 32 pays europ\u00e9ens. Dans toute l&#8217;Europe, plus de 800 points d&#8217;appui du r\u00e9seau de service Mercedes-Benz proposent des conseils, la vente, l&#8217;entretien et la r\u00e9paration de tous les services relatifs au Canter dans la plus grande qualit\u00e9.[\/vc_column_text][vc_column_text]\r\n            \r\n            \r\n            \r\n            <a name='map1'><\/a>\r\n            <div class='wpgmza-marker-listing-category-filter' data-map-id='1' id='wpgmza_filter_1' style='text-align:left; margin-bottom:0px;'><span>Filter by<\/span><select mid=\"1\" id=\"wpgmza_filter_select\" name=\"wpgmza_filter_select\"><option value=\"0\">All \u00e8 Tous<\/option><option value=\"1\">&nbsp;Sales Outlet<\/option><option value=\"4\">&nbsp;Service eCanter<\/option><option value=\"2\">&nbsp;Service Outlet<\/option><\/select><\/div>\r\n            \r\n            <div class=\"wpgmza-store-locator wpgmza_sl_main_div\" data-id=\"1\">\r\n\t<div class=\"wpgmza-address-container wpgmza-form-field wpgmza_sl_query_div\">\r\n\t\t<label class=\"wpgmza-address wpgmza-form-field__label wpgmza-form-field__label--float\" data-name=\"addressLabel\" for=\"addressInput_1\">ZIP \/ Address:<\/label>\r\n\t\t<input class=\"wpgmza-address addressInput\" type=\"text\" placeholder=\"Entrez un lieu\" autocomplete=\"off\" data-name=\"defaultAddress\" value=\"\" id=\"addressInput_1\" size=\"20\" aria-label=\"ZIP \/ Address:\">\r\n\t<\/div>\r\n\t\r\n\t<div class=\"wpgmza-radius-container wpgmza-form-field wpgmza_sl_radius_div wpgmza-clearfix\">\r\n\t\t<label class=\"wpgmza-radius wpgmza-form-field__label wpgmza-form-field__label--float\" for=\"radiusSelect_1\">\r\n\t\t\tRadius:\t\t<\/label>\r\n\t\t<select class=\"wpgmza-radius wpgmza-form-field__input wpgmza_sl_radius_select\" id=\"radiusSelect_1\" aria-label=\"Radius:\"><option class=\"wpgmza-radius wpgmza_sl_select_option\" value=\"1\">1km<\/option><option class=\"wpgmza-radius wpgmza_sl_select_option\" value=\"5\">5km<\/option><option class=\"wpgmza-radius wpgmza_sl_select_option\" value=\"10\" selected>10km<\/option><option class=\"wpgmza-radius wpgmza_sl_select_option\" value=\"25\">25km<\/option><option class=\"wpgmza-radius wpgmza_sl_select_option\" value=\"50\">50km<\/option><option class=\"wpgmza-radius wpgmza_sl_select_option\" value=\"75\">75km<\/option><option class=\"wpgmza-radius wpgmza_sl_select_option\" value=\"100\">100km<\/option><option class=\"wpgmza-radius wpgmza_sl_select_option\" value=\"150\">150km<\/option><option class=\"wpgmza-radius wpgmza_sl_select_option\" value=\"200\">200km<\/option><option class=\"wpgmza-radius wpgmza_sl_select_option\" value=\"300\">300km<\/option><\/select>\r\n\t<\/div>\r\n\t\r\n\t<div class=\"wpgmza-search wpgmza_sl_search_button_div\"><input class=\"wpgmza-search wpgmza_sl_search_button_1\" value=\"Recherche\" type=\"button\" onclick=\"searchLocations(1)\" mid=\"1\"><\/div>\r\n\t\r\n\t<div class=\"wpgmza-reset wpgmza_sl_reset_button_div\">\r\n\t<input class=\"wpgmza-reset wpgmza_sl_reset_button_1\" type=\"button\" value=\"Reset\" mid=\"1\" onclick=\"resetLocations(1)\">\r\n<\/div><div class=\"wpgmza-no-results wpgmza-not-found-msg js-not-found-msg\" style=\"display: none;\">\r\n\t\t<p data-name=\"notFoundMessage\">No results found in this location. Please try again.<\/p>\r\n\t<\/div>\r\n<\/div>\r\n            \r\n            <div class=\"wpgmza_map \"  id=\"wpgmza_map_1\" style=\"display:block; overflow:auto; width:100%; height:600px; float:left;\" data-settings='{\"id\":\"1\",\"map_title\":\"Switzerland\",\"map_width\":\"100\",\"map_height\":\"600\",\"map_start_lat\":\"47.11247935860283\",\"map_start_lng\":\"7.915376515625012\",\"map_start_location\":\"45.950464398418106,-109.81550500000003\",\"map_start_zoom\":\"7\",\"default_marker\":\"\",\"type\":\"1\",\"alignment\":\"4\",\"directions_enabled\":\"0\",\"styling_enabled\":\"0\",\"styling_json\":\"\",\"active\":\"0\",\"kml\":\"\",\"bicycle\":\"0\",\"traffic\":\"0\",\"dbox\":\"1\",\"dbox_width\":\"\",\"listmarkers\":\"0\",\"listmarkers_advanced\":\"0\",\"filterbycat\":\"1\",\"ugm_enabled\":\"0\",\"ugm_category_enabled\":\"0\",\"fusion\":\"\",\"map_width_type\":\"%\",\"map_height_type\":\"px\",\"mass_marker_support\":\"2\",\"ugm_access\":\"0\",\"order_markers_by\":\"1\",\"order_markers_choice\":\"1\",\"show_user_location\":\"0\",\"default_to\":\"\",\"other_settings\":{\"map_type\":1,\"sl_stroke_color\":\"#000000\",\"sl_fill_color\":\"#000000\",\"sl_stroke_opacity\":\"\",\"sl_fill_opacity\":\"\",\"transport_layer\":false,\"action\":\"wpgmza_save_map\",\"redirect_to\":\"\\\/wp-admin\\\/admin-post.php\",\"map_id\":\"1\",\"http_referer\":\"\\\/wp-admin\\\/admin.php?page=wp-google-maps-menu&amp;amp;action=edit&amp;amp;map_id=1\",\"wpgmza_id\":\"1\",\"wpgmza_start_location\":\"47.11247935860283,7.915376515625012\",\"wpgmza_start_zoom\":\"7\",\"store_locator_enabled\":true,\"store_locator_search_area\":\"radial\",\"wpgmza_store_locator_radius_style\":\"legacy\",\"wpgmza_store_locator_default_radius\":\"100\",\"store_locator_auto_area_max_zoom\":\"\",\"store_locator_distance\":false,\"wpgmza_store_locator_position\":false,\"store_locator_show_distance\":false,\"store_locator_category\":false,\"wpgmza_store_locator_use_their_location\":false,\"wpgmza_store_locator_bounce\":false,\"wpgmza_sl_animation\":\"0\",\"wpgmza_store_locator_hide_before_search\":false,\"store_locator_query_string\":\"\",\"store_locator_default_address\":\"\",\"store_locator_name_search\":false,\"store_locator_name_string\":\"\",\"store_locator_not_found_message\":\"\",\"wpgmza_map_align\":\"1\",\"jump_to_nearest_marker_on_initialization\":false,\"automatically_pan_to_users_location\":false,\"override_users_location_zoom_level\":false,\"override_users_location_zoom_levels\":\"\",\"show_distance_from_location\":false,\"map_max_zoom\":\"21\",\"map_min_zoom\":\"0\",\"click_open_link\":false,\"fit_maps_bounds_to_markers\":false,\"fit_maps_bounds_to_markers_after_filtering\":false,\"hide_point_of_interest\":true,\"wpgmza_zoom_on_marker_click\":false,\"wpgmza_zoom_on_marker_click_slider\":\"\",\"close_infowindow_on_map_click\":false,\"disable_lightbox_images\":false,\"use_Raw_Jpeg_Coordinates\":false,\"disable_polygon_info_windows\":false,\"enable_marker_ratings\":false,\"only_load_markers_within_viewport\":false,\"iw_primary_color\":\"#000000\",\"iw_accent_color\":\"#000000\",\"iw_text_color\":\"#000000\",\"wpgmza_listmarkers_by\":\"4\",\"wpgmza_marker_listing_position\":false,\"zoom_level_on_marker_listing_override\":false,\"zoom_level_on_marker_listing_click\":\"\",\"datatable_no_result_message\":\"\",\"remove_search_box_datables\":false,\"dataTable_pagination_style\":\"default\",\"datatable_search_string\":\"\",\"datatable_result_start\":\"\",\"datatable_result_of\":\"\",\"datatable_result_to\":\"\",\"datatable_result_total\":\"\",\"datatable_result_show\":\"\",\"datatable_result_entries\":\"\",\"wpgmza_savemap\":\"Save Map \\u00bb\",\"wpgmza_dbox_width_type\":\"%\",\"default_from\":\"\",\"directions_behaviour\":\"default\",\"force_google_directions_app\":false,\"directions_route_origin_icon\":\"https:\\\/\\\/wpint.fuso.meelogic.hosting\\\/wp-content\\\/plugins\\\/wp-google-maps\\\/images\\\/spotlight-poi2.png\",\"directions_origin_retina\":false,\"directions_route_destination_icon\":\"https:\\\/\\\/wpint.fuso.meelogic.hosting\\\/wp-content\\\/plugins\\\/wp-google-maps\\\/images\\\/spotlight-poi2.png\",\"directions_destination_retina\":false,\"directions_route_stroke_color\":\"#4f8df5\",\"directions_route_stroke_weight\":\"4\",\"directions_route_stroke_opacity\":\"0.8\",\"directions_fit_bounds_to_route\":false,\"wpgmza_store_locator_restrict\":\"\",\"upload_default_sl_marker\":\"\",\"upload_default_sl_marker_retina\":false,\"retina\":false,\"upload_default_ul_marker\":\"\",\"upload_default_ul_marker_retina\":false,\"enable_advanced_custom_fields_integration\":false,\"enable_toolset_woocommerce_integration\":false,\"shortcodeAttributes\":{\"id\":\"1\"},\"wpgmza_theme\":\"3\",\"wpgmza_theme_data\":\"[{\\\"featureType\\\":\\\"landscape.man_made\\\",\\\"elementType\\\":\\\"geometry\\\",\\\"stylers\\\":[{\\\"color\\\":\\\"#f7f1df\\\"}]},{\\\"featureType\\\":\\\"landscape.natural\\\",\\\"elementType\\\":\\\"geometry\\\",\\\"stylers\\\":[{\\\"color\\\":\\\"#d0e3b4\\\"}]},{\\\"featureType\\\":\\\"landscape.natural.terrain\\\",\\\"elementType\\\":\\\"geometry\\\",\\\"stylers\\\":[{\\\"visibility\\\":\\\"off\\\"}]},{\\\"featureType\\\":\\\"poi\\\",\\\"elementType\\\":\\\"labels\\\",\\\"stylers\\\":[{\\\"visibility\\\":\\\"off\\\"}]},{\\\"featureType\\\":\\\"poi.business\\\",\\\"elementType\\\":\\\"all\\\",\\\"stylers\\\":[{\\\"visibility\\\":\\\"off\\\"}]},{\\\"featureType\\\":\\\"poi.medical\\\",\\\"elementType\\\":\\\"geometry\\\",\\\"stylers\\\":[{\\\"color\\\":\\\"#fbd3da\\\"}]},{\\\"featureType\\\":\\\"poi.park\\\",\\\"elementType\\\":\\\"geometry\\\",\\\"stylers\\\":[{\\\"color\\\":\\\"#bde6ab\\\"}]},{\\\"featureType\\\":\\\"road\\\",\\\"elementType\\\":\\\"geometry.stroke\\\",\\\"stylers\\\":[{\\\"visibility\\\":\\\"off\\\"}]},{\\\"featureType\\\":\\\"road\\\",\\\"elementType\\\":\\\"labels\\\",\\\"stylers\\\":[{\\\"visibility\\\":\\\"off\\\"}]},{\\\"featureType\\\":\\\"road.highway\\\",\\\"elementType\\\":\\\"geometry.fill\\\",\\\"stylers\\\":[{\\\"color\\\":\\\"#ffe15f\\\"}]},{\\\"featureType\\\":\\\"road.highway\\\",\\\"elementType\\\":\\\"geometry.stroke\\\",\\\"stylers\\\":[{\\\"color\\\":\\\"#efd151\\\"}]},{\\\"featureType\\\":\\\"road.arterial\\\",\\\"elementType\\\":\\\"geometry.fill\\\",\\\"stylers\\\":[{\\\"color\\\":\\\"#ffffff\\\"}]},{\\\"featureType\\\":\\\"road.local\\\",\\\"elementType\\\":\\\"geometry.fill\\\",\\\"stylers\\\":[{\\\"color\\\":\\\"black\\\"}]},{\\\"featureType\\\":\\\"transit.station.airport\\\",\\\"elementType\\\":\\\"geometry.fill\\\",\\\"stylers\\\":[{\\\"color\\\":\\\"#cfb2db\\\"}]},{\\\"featureType\\\":\\\"water\\\",\\\"elementType\\\":\\\"geometry\\\",\\\"stylers\\\":[{\\\"color\\\":\\\"#a2daf2\\\"}]}]\",\"polygon_labels\":false,\"wpgmza_push_in_map\":true,\"wpgmza_push_in_map_placement\":\"4\",\"wpgmza_push_in_map_width\":\"30%\",\"wpgmza_push_in_map_height\":\"80%\",\"wpgmza_iw_type\":\"0\",\"marker_listing_component_anchor\":10,\"enable_advanced_custom_fields_integration_type\":\"\",\"enable_woo_product_integration\":false,\"store_locator_location_placeholder\":\"\",\"marker_listing_disable_zoom\":false,\"enable_filter_custom_field_1\":false,\"enable_filter_custom_field_2\":false,\"enable_marker_labels\":false,\"zoom_level_mobile_override_enabled\":false,\"zoom_level_mobile_override\":\"\"}}' data-map-id='1' data-shortcode-attributes='{\"id\":\"1\"}'> <\/div>\r\n            \r\n            <div data-wpgmza-table data-wpgmza-php-class=\"WPGMZA\\MarkerListing\\BasicList\" data-wpgmza-rest-api-route=\"\/marker-listing\/\" data-wpgmza-marker-listing=\"true\" class=\"wpgmza_marker_list_class\" style=\"width:100%;\" data-wpgmza-ajax-parameters='{\"map_id\":\"1\"}' id=\"wpgmza_marker_list_1\"><\/div>   \r\n        [\/vc_column_text][\/vc_column][\/vc_row][vc_row disable_element=&#8221;yes&#8221;][vc_column]\n                <div class=\"fusoeurope-text-image wpb_content_element  item--image--top \" >\n                    <div class=\"item item--text wpb_text_column\">\n                        <h2>TOUS LES D\u00c9TAILS.<br \/>\nLES INFORMATIONS SUR LE PRODUIT CANTER.<\/h2>\n\n                    <\/div>\n                <\/div>\n                <section class=\"wpb_content_element  pdf\" >\n                    \n                    <div class=\"pdf__list\">\n                        <div class=\"wpb_content_element  pdf__list__element\" ><div class=\"pdf__list__element__thepicture\" style=\"background-image: url(https:\/\/www.fuso-trucks.ch\/wp-content\/uploads\/sites\/7\/2022\/07\/FUSO_22c31909-1-700x467.jpg)\"><\/div><div class=\"pdf__list__element__content\"><div class=\"pdf__list__element__name\"><h3>BROCHURE SECTORIELLE COMMUNALE<\/h3><\/div><div class=\"pdf__list__element__description\"><p><\/p><\/div><div class=\"pdf__list__element__button-container\"><a href=\"https:\/\/www.fuso-trucks.ch\/wp-content\/uploads\/sites\/7\/2022\/07\/FUSO_CANTER_Branchenbroschuere_Kommunal.pdf\" class=\"pdf__list__element__button\" target=\"_blank\">Preview<i class=\"icon-preview\"><\/i><\/a><a href=\"https:\/\/www.fuso-trucks.ch\/wp-content\/uploads\/sites\/7\/2022\/07\/FUSO_CANTER_Branchenbroschuere_Kommunal.pdf\" download class=\"pdf__list__element__button no-lightbox\" target=\"_blank\">Download<i class=\"icon-download\"><\/i><\/a><\/div><\/div><\/div><div class=\"wpb_content_element  pdf__list__element\" ><div class=\"pdf__list__element__thepicture\" style=\"background-image: url(https:\/\/www.fuso-trucks.ch\/wp-content\/uploads\/sites\/7\/2022\/07\/FUSO_22c32184-1-700x467.jpg)\"><\/div><div class=\"pdf__list__element__content\"><div class=\"pdf__list__element__name\"><h3>BROCHURE DU SECTEUR DE LA CONSTRUCTION<\/h3><\/div><div class=\"pdf__list__element__description\"><p><\/p><\/div><div class=\"pdf__list__element__button-container\"><a href=\"https:\/\/www.fuso-trucks.ch\/wp-content\/uploads\/sites\/7\/2022\/07\/FUSO_CANTER_Branchenbroschuere_Bau.pdf\" class=\"pdf__list__element__button\" target=\"_blank\">Preview<i class=\"icon-preview\"><\/i><\/a><a href=\"https:\/\/www.fuso-trucks.ch\/wp-content\/uploads\/sites\/7\/2022\/07\/FUSO_CANTER_Branchenbroschuere_Bau.pdf\" download class=\"pdf__list__element__button no-lightbox\" target=\"_blank\">Download<i class=\"icon-download\"><\/i><\/a><\/div><\/div><\/div><div class=\"wpb_content_element  pdf__list__element\" ><div class=\"pdf__list__element__thepicture\" style=\"background-image: url(https:\/\/www.fuso-trucks.ch\/wp-content\/uploads\/sites\/7\/2022\/07\/FUSO_22c32030-1-700x467.jpg)\"><\/div><div class=\"pdf__list__element__content\"><div class=\"pdf__list__element__name\"><h3>BROCHURE SECTORIELLE JARDINAGE ET AM\u00c9NAGEMENT PAYSAGER<\/h3><\/div><div class=\"pdf__list__element__description\"><p><\/p><\/div><div class=\"pdf__list__element__button-container\"><a href=\"https:\/\/www.fuso-trucks.ch\/wp-content\/uploads\/sites\/7\/2022\/08\/Branchenbroschure_GaLaBau_2022_Ansicht-1.pdf\" class=\"pdf__list__element__button\" target=\"_blank\">Preview<i class=\"icon-preview\"><\/i><\/a><a href=\"https:\/\/www.fuso-trucks.ch\/wp-content\/uploads\/sites\/7\/2022\/08\/Branchenbroschure_GaLaBau_2022_Ansicht-1.pdf\" download class=\"pdf__list__element__button no-lightbox\" target=\"_blank\">Download<i class=\"icon-download\"><\/i><\/a><\/div><\/div><\/div><div class=\"wpb_content_element  pdf__list__element\" ><div class=\"pdf__list__element__thepicture\" style=\"background-image: url(https:\/\/www.fuso-trucks.ch\/wp-content\/uploads\/sites\/7\/2022\/08\/hero_branch_verteilerverkehr-700x467.jpg)\"><\/div><div class=\"pdf__list__element__content\"><div class=\"pdf__list__element__name\"><h3>BROCHURE DU SECTEUR DE LA DISTRIBUTION<\/h3><\/div><div class=\"pdf__list__element__description\"><p><\/p><\/div><div class=\"pdf__list__element__button-container\"><a href=\"https:\/\/www.fuso-trucks.ch\/wp-content\/uploads\/sites\/7\/2022\/08\/FUSO_Broschuere_Verteilerverkehr.pdf\" class=\"pdf__list__element__button\" target=\"_blank\">Preview<i class=\"icon-preview\"><\/i><\/a><a href=\"https:\/\/www.fuso-trucks.ch\/wp-content\/uploads\/sites\/7\/2022\/08\/FUSO_Broschuere_Verteilerverkehr.pdf\" download class=\"pdf__list__element__button no-lightbox\" target=\"_blank\">Download<i class=\"icon-download\"><\/i><\/a><\/div><\/div><\/div>\n                    <\/div>\n                    \n                    <div class=\"pdf__pagination\">\n                        <div class=\"pdf__pagination__nav pdf__pagination__nav--left\"><i class=\"icon-chevron-left\"><\/i><\/div>\n                        <div class=\"pdf__pagination__text\">\n                            <span class=\"pdf__pagination--from\">0<\/span>\n                            <span>-<\/span>\n                            <span class=\"pdf__pagination--to\">0<\/span>\n                            <span>of<\/span>\n                            <span class=\"pdf__pagination--total\">0<\/span>\n                            <span>Files<\/span>\n                        <\/div>\n                            \n                        <div class=\"pdf__pagination__nav pdf__pagination__nav--right\"><i class=\"icon-chevron-right\"><\/i><\/div>\n                    <\/div>\n                <\/section>\n                [\/vc_column][\/vc_row][vc_row full_width=&#8221;stretch_row&#8221; el_class=&#8221;grey-bg&#8221;][vc_column][vc_column_text]<\/p>\n<h2>DE BELLES PERSPECTIVES.<br \/>\nLE CANTER EN IMAGES.<\/h2>\n<p>[\/vc_column_text]\n    <div class=\"fusoeurope-blog-preview wpb_content_element \" >\n        <div class=\"fusoeurope-blog-preview__row\">           \n            <div class=\"fusoeurope-blog-preview__row-top\">\n                <div class=\"fusoeurope-blog-preview__col-left fusoeurope-blog-preview__col-5\"> \n            <div class=\"fusoeurope-blog-preview__container no-hover\">\n                <div class=\"fusoeurope-blog-preview__container__inner \">\n                    <div class=\"fusoeurope-blog-preview__frontsite\">\n                        <div class=\"image\">\n                            <img decoding=\"async\" src=\"https:\/\/www.fuso-trucks.ch\/wp-content\/uploads\/sites\/7\/2022\/08\/branch_gl_galerie-1.jpg\" alt=\"\" \/>\n                        <\/div>\n                    <\/div>   \n                    <div class=\"fusoeurope-blog-preview__backsite fusoeurope-blog-preview__description\"><\/div>   \n                <\/div>\n            <\/div><\/div>\n                <div class=\"fusoeurope-blog-preview__col-right fusoeurope-blog-preview__col-7\"> \n            <div class=\"fusoeurope-blog-preview__container no-hover\">\n                <div class=\"fusoeurope-blog-preview__container__inner \">\n                    <div class=\"fusoeurope-blog-preview__frontsite\">\n                        <div class=\"image\">\n                            <img decoding=\"async\" src=\"https:\/\/www.fuso-trucks.ch\/wp-content\/uploads\/sites\/7\/2022\/08\/branch_gl_galerie-2.jpg\" alt=\"\" \/>\n                        <\/div>\n                    <\/div>   \n                    <div class=\"fusoeurope-blog-preview__backsite fusoeurope-blog-preview__description\"><\/div>   \n                <\/div>\n            <\/div><\/div>\n            <\/div>\n            <div class=\"fusoeurope-blog-preview__row-center\">\n                <div class=\"fusoeurope-blog-preview__col-left fusoeurope-blog-preview__col-7\"> \n            <div class=\"fusoeurope-blog-preview__container no-hover\">\n                <div class=\"fusoeurope-blog-preview__container__inner \">\n                    <div class=\"fusoeurope-blog-preview__frontsite\">\n                        <div class=\"image\">\n                            <img decoding=\"async\" src=\"https:\/\/www.fuso-trucks.ch\/wp-content\/uploads\/sites\/7\/2022\/08\/branch_gl_galerie-3.jpg\" alt=\"\" \/>\n                        <\/div>\n                    <\/div>   \n                    <div class=\"fusoeurope-blog-preview__backsite fusoeurope-blog-preview__description\"><\/div>   \n                <\/div>\n            <\/div><\/div>\n                <div class=\"fusoeurope-blog-preview__col-right fusoeurope-blog-preview__col-5\"> \n            <div class=\"fusoeurope-blog-preview__container no-hover\">\n                <div class=\"fusoeurope-blog-preview__container__inner \">\n                    <div class=\"fusoeurope-blog-preview__frontsite\">\n                        <div class=\"image\">\n                            <img decoding=\"async\" src=\"https:\/\/www.fuso-trucks.ch\/wp-content\/uploads\/sites\/7\/2022\/08\/branch_gl_galerie.jpg\" alt=\"\" \/>\n                        <\/div>\n                    <\/div>   \n                    <div class=\"fusoeurope-blog-preview__backsite fusoeurope-blog-preview__description\"><\/div>   \n                <\/div>\n            <\/div><\/div>\n            <\/div>\n            <div class=\"fusoeurope-blog-preview__row-bottom\">\n                <div class=\"fusoeurope-blog-preview__col-left fusoeurope-blog-preview__col-5\"> \n            <div class=\"fusoeurope-blog-preview__container no-hover\">\n                <div class=\"fusoeurope-blog-preview__container__inner \">\n                    <div class=\"fusoeurope-blog-preview__frontsite\">\n                        <div class=\"image\">\n                            <img decoding=\"async\" src=\"https:\/\/www.fuso-trucks.ch\/wp-content\/uploads\/sites\/7\/2022\/08\/branch_gl_robust.jpg\" alt=\"\" \/>\n                        <\/div>\n                    <\/div>   \n                    <div class=\"fusoeurope-blog-preview__backsite fusoeurope-blog-preview__description\"><\/div>   \n                <\/div>\n            <\/div><\/div>\n                <div class=\"fusoeurope-blog-preview__col-right fusoeurope-blog-preview__col-7\"> \n            <div class=\"fusoeurope-blog-preview__container no-hover\">\n                <div class=\"fusoeurope-blog-preview__container__inner \">\n                    <div class=\"fusoeurope-blog-preview__frontsite\">\n                        <div class=\"image\">\n                            <img decoding=\"async\" src=\"https:\/\/www.fuso-trucks.ch\/wp-content\/uploads\/sites\/7\/2022\/08\/branch_gl_galerie-6.jpg\" alt=\"\" \/>\n                        <\/div>\n                    <\/div>   \n                    <div class=\"fusoeurope-blog-preview__backsite fusoeurope-blog-preview__description\"><\/div>   \n                <\/div>\n            <\/div><\/div>\n            <\/div>\n        <\/div>\n    <\/div>[\/vc_column][\/vc_row][vc_row][vc_column]\n    <div class=\"wpb_content_element tiles fusoeurope-tiles\" ><div class=\"wpb_text_column\"><h2 class=\"tiles__title\">PLUS D'INFORMATIONS. PLUS DE CANTER.<\/h2><\/div><div class=\"wpb_text_column\">\n            <ul class=\"tiles__list no_slick flex-3\">\n                [fusoeurope_linked_image_element title=&#8221;DERNI\u00c8RE LIGNE. POSTNL D\u00c9VELOPPE UNE LOGISTIQUE CITOYENNE SANS \u00c9MISSION AVEC FUSO eCANTER.&#8221; image=&#8221;14804&#8243; link=&#8221;url:https%3A%2F%2Fwww.fuso-trucks.ch%2Ffr%2Fblog%2Fdernier-kilometre%2F|title:Derni%C3%A8re%20ligne|&#8221;][fusoeurope_linked_image_element title=&#8221;PREMIERS eCANTERS ENTI\u00c8REMENT \u00c9LECTRIQUES POUR LES LOGISTIQUES DHL, DB SCHENKER, RHENUS ET DACHSER.&#8221; image=&#8221;13382&#8243; link=&#8221;url:https%3A%2F%2Fwww.fuso-trucks.ch%2Ffr%2Fblog%2Flavenir-des-aujourdhui%2F|title:L%27avenir%20d%C3%A8s%20aujourd%27hui|&#8221;][fusoeurope_linked_image_element title=&#8221;LES SERVICES PUBLICS. LES SERVICES TECHNIQUES DE CONSTANCE MISENT SUR LA FLEXIBILIT\u00c9 DU FUSO CANTER.&#8221; image=&#8221;14791&#8243; link=&#8221;url:https%3A%2F%2Fwww.fuso-trucks.ch%2Ffr%2Fblog%2Fservices-publics%2F|title:Utilisation%20communale|&#8221;]\n            <\/ul>\n        <\/div>\n    <\/div>\n[\/vc_column][\/vc_row]<\/p>\n<\/div>","protected":false},"excerpt":{"rendered":"<\/p>\n","protected":false},"author":44,"featured_media":0,"parent":21306,"menu_order":0,"comment_status":"closed","ping_status":"closed","template":"templates\/template-default-hero.php","meta":{"_acf_changed":false,"footnotes":""},"class_list":["post-21705","page","type-page","status-publish","hentry"],"acf":[],"yoast_head":"<!-- This site is optimized with the Yoast SEO plugin v27.5 - https:\/\/yoast.com\/product\/yoast-seo-wordpress\/ -->\n<title>Jardinage et am\u00e9nagement paysager - FUSO Trucks CH<\/title>\n<meta name=\"description\" content=\"PREMI\u00c8RE ADRESSE. LE R\u00c9SEAU DE CONCESSIONNAIRES ET D&#039;ATELIERS CANTER. Le FUSO Canter est un produit de Daimler Truck AG et est disponible dans 32 pays europ\u00e9ens. Dans toute l&#039;Europe, plus de 800 points d&#039;appui du r\u00e9seau de service Mercedes-Benz proposent des conseils, la vente, l&#039;entretien et la r\u00e9paration de tous les services relatifs au Canter dans la plus grande qualit\u00e9. DE BELLES PERSPECTIVES. LE CANTER EN IMAGES.\" \/>\n<meta name=\"robots\" content=\"index, follow, max-snippet:-1, max-image-preview:large, max-video-preview:-1\" \/>\n<link rel=\"canonical\" href=\"https:\/\/www.fuso-trucks.ch\/fr\/branches\/jardinage-et-amenagement-paysager\/\" \/>\n<meta property=\"og:locale\" content=\"fr_FR\" \/>\n<meta property=\"og:type\" content=\"article\" \/>\n<meta property=\"og:title\" content=\"Jardinage et am\u00e9nagement paysager - FUSO Trucks CH\" \/>\n<meta property=\"og:description\" content=\"PREMI\u00c8RE ADRESSE. LE R\u00c9SEAU DE CONCESSIONNAIRES ET D&#039;ATELIERS CANTER. Le FUSO Canter est un produit de Daimler Truck AG et est disponible dans 32 pays europ\u00e9ens. Dans toute l&#039;Europe, plus de 800 points d&#039;appui du r\u00e9seau de service Mercedes-Benz proposent des conseils, la vente, l&#039;entretien et la r\u00e9paration de tous les services relatifs au Canter dans la plus grande qualit\u00e9. DE BELLES PERSPECTIVES. LE CANTER EN IMAGES.\" \/>\n<meta property=\"og:url\" content=\"https:\/\/www.fuso-trucks.ch\/fr\/branches\/jardinage-et-amenagement-paysager\/\" \/>\n<meta property=\"og:site_name\" content=\"FUSO Trucks CH\" \/>\n<meta property=\"article:modified_time\" content=\"2023-06-29T14:21:31+00:00\" \/>\n<meta name=\"twitter:card\" content=\"summary_large_image\" \/>\n<meta name=\"twitter:label1\" content=\"Est. reading time\" \/>\n\t<meta name=\"twitter:data1\" content=\"7 minutes\" \/>\n<script type=\"application\/ld+json\" class=\"yoast-schema-graph\">{\"@context\":\"https:\\\/\\\/schema.org\",\"@graph\":[{\"@type\":\"WebPage\",\"@id\":\"https:\\\/\\\/www.fuso-trucks.ch\\\/fr\\\/branches\\\/jardinage-et-amenagement-paysager\\\/\",\"url\":\"https:\\\/\\\/www.fuso-trucks.ch\\\/fr\\\/branches\\\/jardinage-et-amenagement-paysager\\\/\",\"name\":\"Jardinage et am\u00e9nagement paysager - FUSO Trucks CH\",\"isPartOf\":{\"@id\":\"https:\\\/\\\/www.fuso-trucks.ch\\\/fr\\\/#website\"},\"datePublished\":\"2022-10-27T12:26:55+00:00\",\"dateModified\":\"2023-06-29T14:21:31+00:00\",\"description\":\"PREMI\u00c8RE ADRESSE. LE R\u00c9SEAU DE CONCESSIONNAIRES ET D'ATELIERS CANTER. Le FUSO Canter est un produit de Daimler Truck AG et est disponible dans 32 pays europ\u00e9ens. Dans toute l'Europe, plus de 800 points d'appui du r\u00e9seau de service Mercedes-Benz proposent des conseils, la vente, l'entretien et la r\u00e9paration de tous les services relatifs au Canter dans la plus grande qualit\u00e9. DE BELLES PERSPECTIVES. LE CANTER EN IMAGES.\",\"breadcrumb\":{\"@id\":\"https:\\\/\\\/www.fuso-trucks.ch\\\/fr\\\/branches\\\/jardinage-et-amenagement-paysager\\\/#breadcrumb\"},\"inLanguage\":\"fr-CH\",\"potentialAction\":[{\"@type\":\"ReadAction\",\"target\":[\"https:\\\/\\\/www.fuso-trucks.ch\\\/fr\\\/branches\\\/jardinage-et-amenagement-paysager\\\/\"]}]},{\"@type\":\"BreadcrumbList\",\"@id\":\"https:\\\/\\\/www.fuso-trucks.ch\\\/fr\\\/branches\\\/jardinage-et-amenagement-paysager\\\/#breadcrumb\",\"itemListElement\":[{\"@type\":\"ListItem\",\"position\":1,\"name\":\"Home\",\"item\":\"https:\\\/\\\/www.fuso-trucks.ch\\\/fr\\\/\"},{\"@type\":\"ListItem\",\"position\":2,\"name\":\"BRANCHES\",\"item\":\"https:\\\/\\\/www.fuso-trucks.ch\\\/fr\\\/branches\\\/\"},{\"@type\":\"ListItem\",\"position\":3,\"name\":\"Jardinage et am\u00e9nagement paysager\"}]},{\"@type\":\"WebSite\",\"@id\":\"https:\\\/\\\/www.fuso-trucks.ch\\\/fr\\\/#website\",\"url\":\"https:\\\/\\\/www.fuso-trucks.ch\\\/fr\\\/\",\"name\":\"FUSO Trucks CH\",\"description\":\"\",\"potentialAction\":[{\"@type\":\"SearchAction\",\"target\":{\"@type\":\"EntryPoint\",\"urlTemplate\":\"https:\\\/\\\/www.fuso-trucks.ch\\\/fr\\\/?s={search_term_string}\"},\"query-input\":{\"@type\":\"PropertyValueSpecification\",\"valueRequired\":true,\"valueName\":\"search_term_string\"}}],\"inLanguage\":\"fr-CH\"}]}<\/script>\n<!-- \/ Yoast SEO plugin. -->","yoast_head_json":{"title":"Jardinage et am\u00e9nagement paysager - FUSO Trucks CH","description":"PREMI\u00c8RE ADRESSE. LE R\u00c9SEAU DE CONCESSIONNAIRES ET D'ATELIERS CANTER. Le FUSO Canter est un produit de Daimler Truck AG et est disponible dans 32 pays europ\u00e9ens. Dans toute l'Europe, plus de 800 points d'appui du r\u00e9seau de service Mercedes-Benz proposent des conseils, la vente, l'entretien et la r\u00e9paration de tous les services relatifs au Canter dans la plus grande qualit\u00e9. DE BELLES PERSPECTIVES. LE CANTER EN IMAGES.","robots":{"index":"index","follow":"follow","max-snippet":"max-snippet:-1","max-image-preview":"max-image-preview:large","max-video-preview":"max-video-preview:-1"},"canonical":"https:\/\/www.fuso-trucks.ch\/fr\/branches\/jardinage-et-amenagement-paysager\/","og_locale":"fr_FR","og_type":"article","og_title":"Jardinage et am\u00e9nagement paysager - FUSO Trucks CH","og_description":"PREMI\u00c8RE ADRESSE. LE R\u00c9SEAU DE CONCESSIONNAIRES ET D'ATELIERS CANTER. Le FUSO Canter est un produit de Daimler Truck AG et est disponible dans 32 pays europ\u00e9ens. Dans toute l'Europe, plus de 800 points d'appui du r\u00e9seau de service Mercedes-Benz proposent des conseils, la vente, l'entretien et la r\u00e9paration de tous les services relatifs au Canter dans la plus grande qualit\u00e9. DE BELLES PERSPECTIVES. LE CANTER EN IMAGES.","og_url":"https:\/\/www.fuso-trucks.ch\/fr\/branches\/jardinage-et-amenagement-paysager\/","og_site_name":"FUSO Trucks CH","article_modified_time":"2023-06-29T14:21:31+00:00","twitter_card":"summary_large_image","twitter_misc":{"Est. reading time":"7 minutes"},"schema":{"@context":"https:\/\/schema.org","@graph":[{"@type":"WebPage","@id":"https:\/\/www.fuso-trucks.ch\/fr\/branches\/jardinage-et-amenagement-paysager\/","url":"https:\/\/www.fuso-trucks.ch\/fr\/branches\/jardinage-et-amenagement-paysager\/","name":"Jardinage et am\u00e9nagement paysager - FUSO Trucks CH","isPartOf":{"@id":"https:\/\/www.fuso-trucks.ch\/fr\/#website"},"datePublished":"2022-10-27T12:26:55+00:00","dateModified":"2023-06-29T14:21:31+00:00","description":"PREMI\u00c8RE ADRESSE. LE R\u00c9SEAU DE CONCESSIONNAIRES ET D'ATELIERS CANTER. Le FUSO Canter est un produit de Daimler Truck AG et est disponible dans 32 pays europ\u00e9ens. Dans toute l'Europe, plus de 800 points d'appui du r\u00e9seau de service Mercedes-Benz proposent des conseils, la vente, l'entretien et la r\u00e9paration de tous les services relatifs au Canter dans la plus grande qualit\u00e9. DE BELLES PERSPECTIVES. LE CANTER EN IMAGES.","breadcrumb":{"@id":"https:\/\/www.fuso-trucks.ch\/fr\/branches\/jardinage-et-amenagement-paysager\/#breadcrumb"},"inLanguage":"fr-CH","potentialAction":[{"@type":"ReadAction","target":["https:\/\/www.fuso-trucks.ch\/fr\/branches\/jardinage-et-amenagement-paysager\/"]}]},{"@type":"BreadcrumbList","@id":"https:\/\/www.fuso-trucks.ch\/fr\/branches\/jardinage-et-amenagement-paysager\/#breadcrumb","itemListElement":[{"@type":"ListItem","position":1,"name":"Home","item":"https:\/\/www.fuso-trucks.ch\/fr\/"},{"@type":"ListItem","position":2,"name":"BRANCHES","item":"https:\/\/www.fuso-trucks.ch\/fr\/branches\/"},{"@type":"ListItem","position":3,"name":"Jardinage et am\u00e9nagement paysager"}]},{"@type":"WebSite","@id":"https:\/\/www.fuso-trucks.ch\/fr\/#website","url":"https:\/\/www.fuso-trucks.ch\/fr\/","name":"FUSO Trucks CH","description":"","potentialAction":[{"@type":"SearchAction","target":{"@type":"EntryPoint","urlTemplate":"https:\/\/www.fuso-trucks.ch\/fr\/?s={search_term_string}"},"query-input":{"@type":"PropertyValueSpecification","valueRequired":true,"valueName":"search_term_string"}}],"inLanguage":"fr-CH"}]}},"_links":{"self":[{"href":"https:\/\/www.fuso-trucks.ch\/fr\/wp-json\/wp\/v2\/pages\/21705","targetHints":{"allow":["GET"]}}],"collection":[{"href":"https:\/\/www.fuso-trucks.ch\/fr\/wp-json\/wp\/v2\/pages"}],"about":[{"href":"https:\/\/www.fuso-trucks.ch\/fr\/wp-json\/wp\/v2\/types\/page"}],"author":[{"embeddable":true,"href":"https:\/\/www.fuso-trucks.ch\/fr\/wp-json\/wp\/v2\/users\/44"}],"replies":[{"embeddable":true,"href":"https:\/\/www.fuso-trucks.ch\/fr\/wp-json\/wp\/v2\/comments?post=21705"}],"version-history":[{"count":7,"href":"https:\/\/www.fuso-trucks.ch\/fr\/wp-json\/wp\/v2\/pages\/21705\/revisions"}],"predecessor-version":[{"id":22831,"href":"https:\/\/www.fuso-trucks.ch\/fr\/wp-json\/wp\/v2\/pages\/21705\/revisions\/22831"}],"up":[{"embeddable":true,"href":"https:\/\/www.fuso-trucks.ch\/fr\/wp-json\/wp\/v2\/pages\/21306"}],"wp:attachment":[{"href":"https:\/\/www.fuso-trucks.ch\/fr\/wp-json\/wp\/v2\/media?parent=21705"}],"curies":[{"name":"wp","href":"https:\/\/api.w.org\/{rel}","templated":true}]}}