{"id":21685,"date":"2022-10-27T14:16:49","date_gmt":"2022-10-27T12:16:49","guid":{"rendered":"https:\/\/ch.fuso-trucks.de\/produits\/"},"modified":"2025-02-07T09:39:14","modified_gmt":"2025-02-07T08:39:14","slug":"produits","status":"publish","type":"page","link":"https:\/\/www.fuso-trucks.ch\/fr\/produits\/","title":{"rendered":"Produits"},"content":{"rendered":"<div class=\"wpb-content-wrapper\"><p>[vc_row][vc_column]\n    <div class=\"wpb_content_element highlights\" ><h2 class=\"highlights__title\">COMPARAISON DIRECTE. L'APER\u00c7U DES MOD\u00c8LES CANTER.<\/h2><div class=\"highlights__container\">\n        <ul class=\"highlights__slider-for slick-slider\">\n            <li class=\" highlights__list__element\" ><div class=\"highlights__list__element__container\"><div class=\"highlights__list__element__image\"><img decoding=\"async\" class=\"\" src=\"https:\/\/www.fuso-trucks.ch\/wp-content\/uploads\/sites\/7\/2022\/06\/3S15-3.5T-e1663765908385-1400x933.jpg\" alt=\"\" \/><\/div><div class=\"highlights__list__element__description wpb_text_column\"><h3><b>LA VRAIE TAILLE.<br \/>\nLE CANTER 3,5 T.<\/b><\/h3>\n<p>Le FUSO Canter 3,5 t est parfaitement adapt\u00e9 \u00e0 une utilisation en ville et en milieu urbain. Ses dimensions compactes et sa construction en tant que v\u00e9hicule \u00e0 cabine avanc\u00e9e sans museau le rendent extr\u00eamement agile, maniable et facile \u00e0 man\u0153uvrer. Son rayon de braquage de seulement 10,2 m pour un empattement de 2.500 mm, est le plus petit de la cat\u00e9gorie des 3,5 tonnes.<\/p>\n\n                <div class=\"link-container\">\n                    <a href=\"https:\/\/www.fuso-trucks.ch\/fr\/produits\/canter\/3-5-tonnes\/\">EN SAVOIR PLUS<\/a>\n                <\/div><\/div>\n                <div class=\"highlights__list__element__dots\">\n                  <div class=\"highlights__list__element__dots__icon fuso-icon\"><i class=\"icon-products_3-5t\"><\/i><\/div>\n                  <div class=\"highlights__list__element__dots__label\"><span>CANTER 3,5 T.<\/span><\/div>\n                <\/div><\/div><\/li><li class=\" highlights__list__element\" ><div class=\"highlights__list__element__container\"><div class=\"highlights__list__element__image\"><img decoding=\"async\" class=\"\" src=\"https:\/\/www.fuso-trucks.ch\/wp-content\/uploads\/sites\/7\/2022\/06\/6S15-6.0T-1400x933.jpg\" alt=\"\" \/><\/div><div class=\"highlights__list__element__description wpb_text_column\"><h3><b>UNE SILHOUETTE \u00c9LANC\u00c9E.<br \/>\nLE CANTER 6,0 T.<\/b><\/h3>\n<p>Avec sa cabine de seulement 1,7 m de large, le FUSO Canter 6,0 t est un sp\u00e9cialiste absolu des exigences de charge utile \u00e9lev\u00e9es pour des dimensions ext\u00e9rieures tr\u00e8s r\u00e9duites. Une v\u00e9ritable exception dans son segment. M\u00eame les t\u00e2ches de transport les plus exigeantes, qui combinent charges lourdes et voies de circulation \u00e9troites, ne sont pas affect\u00e9es par ce camion l\u00e9ger robuste et maniable.<\/p>\n\n                <div class=\"link-container\">\n                    <a href=\"https:\/\/www.fuso-trucks.ch\/fr\/produits\/canter\/6-0-tonnes\/\">EN SAVOIR PLUS<\/a>\n                <\/div><\/div>\n                <div class=\"highlights__list__element__dots\">\n                  <div class=\"highlights__list__element__dots__icon fuso-icon\"><i class=\"icon-products_6-0t\"><\/i><\/div>\n                  <div class=\"highlights__list__element__dots__label\"><span>CANTER 6,0 T.<\/span><\/div>\n                <\/div><\/div><\/li><li class=\" highlights__list__element\" ><div class=\"highlights__list__element__container\"><div class=\"highlights__list__element__image\"><img decoding=\"async\" class=\"\" src=\"https:\/\/www.fuso-trucks.ch\/wp-content\/uploads\/sites\/7\/2022\/06\/7C18-7.5T-1400x933.jpg\" alt=\"\" \/><\/div><div class=\"highlights__list__element__description wpb_text_column\"><h3><b>UN FID\u00c8LE COMPAGNON DE ROUTE.<br \/>\nLE CANTER 7,5 T.<\/b><\/h3>\n<p>Le FUSO Canter 7,5 t est tout simplement le meilleur choix pour (presque) tous les travaux, car ses donn\u00e9es de r\u00e9f\u00e9rence convaincantes en font un v\u00e9hicule id\u00e9al pour presque toutes les applications logistiques. Une capacit\u00e9 de charge du ch\u00e2ssis de pr\u00e8s de 5 t, les 6 empattements disponibles au choix et le concept d&#8217;habitacle id\u00e9al avec une excellente largeur d&#8217;acc\u00e8s sont synonymes d&#8217;aptitude pratique absolue.<\/p>\n\n                <div class=\"link-container\">\n                    <a href=\"https:\/\/www.fuso-trucks.ch\/fr\/produits\/canter\/7-5-tonnes\/\">EN SAVOIR PLUS<\/a>\n                <\/div><\/div>\n                <div class=\"highlights__list__element__dots\">\n                  <div class=\"highlights__list__element__dots__icon fuso-icon\"><i class=\"icon-products_7-5t\"><\/i><\/div>\n                  <div class=\"highlights__list__element__dots__label\"><span>CANTER 7,5 T.<\/span><\/div>\n                <\/div><\/div><\/li><li class=\" highlights__list__element\" ><div class=\"highlights__list__element__container\"><div class=\"highlights__list__element__image\"><img decoding=\"async\" class=\"\" src=\"https:\/\/www.fuso-trucks.ch\/wp-content\/uploads\/sites\/7\/2022\/06\/9C18-8.55T-1400x933.jpg\" alt=\"\" \/><\/div><div class=\"highlights__list__element__description wpb_text_column\"><h3><b>UNE ANNONCE CLAIRE.<br \/>\nLE CANTER 8,55 T.<\/b><\/h3>\n<p>Le FUSO Canter 8,55 t offre un bilan de charge utile exceptionnel avec une capacit\u00e9 de charge du ch\u00e2ssis de pr\u00e8s de 6 t et un poids total autoris\u00e9 en charge (P.T.A.C.) pouvant aller jusqu&#8217;\u00e0 12,05 t. Sa bo\u00eete de vitesses \u00e0 double embrayage DUONIC\u00ae 2.0, mont\u00e9e de s\u00e9rie, garantit une conduite confortable et des passages de vitesses souples sans interruption de la force de traction.<\/p>\n\n                <div class=\"link-container\">\n                    <a href=\"https:\/\/www.fuso-trucks.ch\/fr\/produits\/canter\/8-55-tonnes\/\">EN SAVOIR PLUS<\/a>\n                <\/div><\/div>\n                <div class=\"highlights__list__element__dots\">\n                  <div class=\"highlights__list__element__dots__icon fuso-icon\"><i class=\"icon-products_8-55t\"><\/i><\/div>\n                  <div class=\"highlights__list__element__dots__label\"><span>CANTER 8,55 T.<\/span><\/div>\n                <\/div><\/div><\/li><li class=\" highlights__list__element\" ><div class=\"highlights__list__element__container\"><div class=\"highlights__list__element__image\"><img decoding=\"async\" class=\"\" src=\"https:\/\/www.fuso-trucks.ch\/wp-content\/uploads\/sites\/7\/2022\/09\/DSC3244_small-1400x933.jpg\" alt=\"\" \/><\/div><div class=\"highlights__list__element__description wpb_text_column\"><h3>4,25 T NEXT GENERATION eCANTER.<\/h3>\n<p>Le Next Generation eCanter 4,25 t est l&#8217;alternative durable pour une utilisation en ville et en milieu urbain. En effet, il apporte tout ce qui a toujours caract\u00e9ris\u00e9 le FUSO Canter comme un v\u00e9ritable utilitaire l\u00e9ger, et ce sans \u00e9missions locales et avec une propulsion purement \u00e9lectrique.<\/p>\n\n                <div class=\"link-container\">\n                    <a href=\"https:\/\/www.fuso-trucks.ch\/fr\/produits\/ecanter\/4-25-tonnes-e\/\">EN SAVOIR PLUS<\/a>\n                <\/div><\/div>\n                <div class=\"highlights__list__element__dots\">\n                  <div class=\"highlights__list__element__dots__icon fuso-icon\"><i class=\"icon-products_ecanter-4-25t\"><\/i><\/div>\n                  <div class=\"highlights__list__element__dots__label\"><span>eCANTER 4,25 T.<\/span><\/div>\n                <\/div><\/div><\/li><li class=\" highlights__list__element\" ><div class=\"highlights__list__element__container\"><div class=\"highlights__list__element__image\"><img decoding=\"async\" class=\"\" src=\"https:\/\/www.fuso-trucks.ch\/wp-content\/uploads\/sites\/7\/2022\/09\/DSC2721_small-1400x933.jpg\" alt=\"\" \/><\/div><div class=\"highlights__list__element__description wpb_text_column\"><h3>6,0 T NEXT GENERATION eCANTER.<\/h3>\n<p>Gr\u00e2ce \u00e0 ses dimensions compactes, le Next Generation eCanter 6,0 t est un v\u00e9ritable sp\u00e9cialiste des t\u00e2ches de transport exigeantes sur des voies de circulation \u00e9troites &#8211; et ce, sans bruit et sans \u00e9missions locales. Pour les interventions dans le domaine communal, il constitue une alternative durable.<\/p>\n\n                <div class=\"link-container\">\n                    <a href=\"https:\/\/www.fuso-trucks.ch\/fr\/produits\/ecanter\/6-0-tonnes-e\/\">EN SAVOIR PLUS<\/a>\n                <\/div><\/div>\n                <div class=\"highlights__list__element__dots\">\n                  <div class=\"highlights__list__element__dots__icon fuso-icon\"><i class=\"icon-products_ecanter-6-0t\"><\/i><\/div>\n                  <div class=\"highlights__list__element__dots__label\"><span>eCANTER 6,0 T.<\/span><\/div>\n                <\/div><\/div><\/li><li class=\" highlights__list__element\" ><div class=\"highlights__list__element__container\"><div class=\"highlights__list__element__image\"><img decoding=\"async\" class=\"\" src=\"https:\/\/www.fuso-trucks.ch\/wp-content\/uploads\/sites\/7\/2022\/09\/DSC2282_small-1400x933.jpg\" alt=\"\" \/><\/div><div class=\"highlights__list__element__description wpb_text_column\"><h3>7,49 T NEXT GENERATION eCANTER.<\/h3>\n<p>Le Next Generation eCanter 7,49 t est le meilleur choix pour (presque) tous les travaux en tant que camion l\u00e9ger \u00e0 propulsion enti\u00e8rement \u00e9lectrique. Son absence d&#8217;\u00e9missions locales, combin\u00e9e \u00e0 ses donn\u00e9es de r\u00e9f\u00e9rence convaincantes, en font un v\u00e9hicule id\u00e9al pour presque toutes les applications logistiques.<\/p>\n\n                <div class=\"link-container\">\n                    <a href=\"https:\/\/www.fuso-trucks.ch\/fr\/produits\/ecanter\/7-49-tonnes-e\/\">EN SAVOIR PLUS<\/a>\n                <\/div><\/div>\n                <div class=\"highlights__list__element__dots\">\n                  <div class=\"highlights__list__element__dots__icon fuso-icon\"><i class=\"icon-products_ecanter-7-49t\"><\/i><\/div>\n                  <div class=\"highlights__list__element__dots__label\"><span>eCANTER 7,49 T.<\/span><\/div>\n                <\/div><\/div><\/li><li class=\" highlights__list__element\" ><div class=\"highlights__list__element__container\"><div class=\"highlights__list__element__image\"><img decoding=\"async\" class=\"\" src=\"https:\/\/www.fuso-trucks.ch\/wp-content\/uploads\/sites\/7\/2022\/09\/FUSO_Hannover_22c38569_small-1400x933.jpg\" alt=\"\" \/><\/div><div class=\"highlights__list__element__description wpb_text_column\"><h3>8,55 T NEXT GENERATION eCANTER.<\/h3>\n<p>Le Next Generation eCanter 8,55 t est l&#8217;alternative \u00e0 propulsion purement \u00e9lectrique lorsqu&#8217;il s&#8217;agit, en plus de l&#8217;absence d&#8217;\u00e9missions locales, de transporter des charges un peu plus lourdes.<\/p>\n\n                <div class=\"link-container\">\n                    <a href=\"https:\/\/www.fuso-trucks.ch\/fr\/produits\/ecanter\/8-55-tonnes-e\/\">EN SAVOIR PLUS<\/a>\n                <\/div><\/div>\n                <div class=\"highlights__list__element__dots\">\n                  <div class=\"highlights__list__element__dots__icon fuso-icon\"><i class=\"icon-products_ecanter-8-55t\"><\/i><\/div>\n                  <div class=\"highlights__list__element__dots__label\"><span>eCANTER 8,55 T.<\/span><\/div>\n                <\/div><\/div><\/li>\n        <\/ul>\n        <ul class=\"highlights__list slick-slider\">\n            <li class=\" highlights__list__element\" ><div class=\"highlights__list__element__container\"><div class=\"highlights__list__element__image\"><img decoding=\"async\" class=\"\" src=\"https:\/\/www.fuso-trucks.ch\/wp-content\/uploads\/sites\/7\/2022\/06\/3S15-3.5T-e1663765908385-1400x933.jpg\" alt=\"\" \/><\/div><div class=\"highlights__list__element__description wpb_text_column\"><h3><b>LA VRAIE TAILLE.<br \/>\nLE CANTER 3,5 T.<\/b><\/h3>\n<p>Le FUSO Canter 3,5 t est parfaitement adapt\u00e9 \u00e0 une utilisation en ville et en milieu urbain. Ses dimensions compactes et sa construction en tant que v\u00e9hicule \u00e0 cabine avanc\u00e9e sans museau le rendent extr\u00eamement agile, maniable et facile \u00e0 man\u0153uvrer. Son rayon de braquage de seulement 10,2 m pour un empattement de 2.500 mm, est le plus petit de la cat\u00e9gorie des 3,5 tonnes.<\/p>\n\n                <div class=\"link-container\">\n                    <a href=\"https:\/\/www.fuso-trucks.ch\/fr\/produits\/canter\/3-5-tonnes\/\">EN SAVOIR PLUS<\/a>\n                <\/div><\/div>\n                <div class=\"highlights__list__element__dots\">\n                  <div class=\"highlights__list__element__dots__icon fuso-icon\"><i class=\"icon-products_3-5t\"><\/i><\/div>\n                  <div class=\"highlights__list__element__dots__label\"><span>CANTER 3,5 T.<\/span><\/div>\n                <\/div><\/div><\/li><li class=\" highlights__list__element\" ><div class=\"highlights__list__element__container\"><div class=\"highlights__list__element__image\"><img decoding=\"async\" class=\"\" src=\"https:\/\/www.fuso-trucks.ch\/wp-content\/uploads\/sites\/7\/2022\/06\/6S15-6.0T-1400x933.jpg\" alt=\"\" \/><\/div><div class=\"highlights__list__element__description wpb_text_column\"><h3><b>UNE SILHOUETTE \u00c9LANC\u00c9E.<br \/>\nLE CANTER 6,0 T.<\/b><\/h3>\n<p>Avec sa cabine de seulement 1,7 m de large, le FUSO Canter 6,0 t est un sp\u00e9cialiste absolu des exigences de charge utile \u00e9lev\u00e9es pour des dimensions ext\u00e9rieures tr\u00e8s r\u00e9duites. Une v\u00e9ritable exception dans son segment. M\u00eame les t\u00e2ches de transport les plus exigeantes, qui combinent charges lourdes et voies de circulation \u00e9troites, ne sont pas affect\u00e9es par ce camion l\u00e9ger robuste et maniable.<\/p>\n\n                <div class=\"link-container\">\n                    <a href=\"https:\/\/www.fuso-trucks.ch\/fr\/produits\/canter\/6-0-tonnes\/\">EN SAVOIR PLUS<\/a>\n                <\/div><\/div>\n                <div class=\"highlights__list__element__dots\">\n                  <div class=\"highlights__list__element__dots__icon fuso-icon\"><i class=\"icon-products_6-0t\"><\/i><\/div>\n                  <div class=\"highlights__list__element__dots__label\"><span>CANTER 6,0 T.<\/span><\/div>\n                <\/div><\/div><\/li><li class=\" highlights__list__element\" ><div class=\"highlights__list__element__container\"><div class=\"highlights__list__element__image\"><img decoding=\"async\" class=\"\" src=\"https:\/\/www.fuso-trucks.ch\/wp-content\/uploads\/sites\/7\/2022\/06\/7C18-7.5T-1400x933.jpg\" alt=\"\" \/><\/div><div class=\"highlights__list__element__description wpb_text_column\"><h3><b>UN FID\u00c8LE COMPAGNON DE ROUTE.<br \/>\nLE CANTER 7,5 T.<\/b><\/h3>\n<p>Le FUSO Canter 7,5 t est tout simplement le meilleur choix pour (presque) tous les travaux, car ses donn\u00e9es de r\u00e9f\u00e9rence convaincantes en font un v\u00e9hicule id\u00e9al pour presque toutes les applications logistiques. Une capacit\u00e9 de charge du ch\u00e2ssis de pr\u00e8s de 5 t, les 6 empattements disponibles au choix et le concept d&#8217;habitacle id\u00e9al avec une excellente largeur d&#8217;acc\u00e8s sont synonymes d&#8217;aptitude pratique absolue.<\/p>\n\n                <div class=\"link-container\">\n                    <a href=\"https:\/\/www.fuso-trucks.ch\/fr\/produits\/canter\/7-5-tonnes\/\">EN SAVOIR PLUS<\/a>\n                <\/div><\/div>\n                <div class=\"highlights__list__element__dots\">\n                  <div class=\"highlights__list__element__dots__icon fuso-icon\"><i class=\"icon-products_7-5t\"><\/i><\/div>\n                  <div class=\"highlights__list__element__dots__label\"><span>CANTER 7,5 T.<\/span><\/div>\n                <\/div><\/div><\/li><li class=\" highlights__list__element\" ><div class=\"highlights__list__element__container\"><div class=\"highlights__list__element__image\"><img decoding=\"async\" class=\"\" src=\"https:\/\/www.fuso-trucks.ch\/wp-content\/uploads\/sites\/7\/2022\/06\/9C18-8.55T-1400x933.jpg\" alt=\"\" \/><\/div><div class=\"highlights__list__element__description wpb_text_column\"><h3><b>UNE ANNONCE CLAIRE.<br \/>\nLE CANTER 8,55 T.<\/b><\/h3>\n<p>Le FUSO Canter 8,55 t offre un bilan de charge utile exceptionnel avec une capacit\u00e9 de charge du ch\u00e2ssis de pr\u00e8s de 6 t et un poids total autoris\u00e9 en charge (P.T.A.C.) pouvant aller jusqu&#8217;\u00e0 12,05 t. Sa bo\u00eete de vitesses \u00e0 double embrayage DUONIC\u00ae 2.0, mont\u00e9e de s\u00e9rie, garantit une conduite confortable et des passages de vitesses souples sans interruption de la force de traction.<\/p>\n\n                <div class=\"link-container\">\n                    <a href=\"https:\/\/www.fuso-trucks.ch\/fr\/produits\/canter\/8-55-tonnes\/\">EN SAVOIR PLUS<\/a>\n                <\/div><\/div>\n                <div class=\"highlights__list__element__dots\">\n                  <div class=\"highlights__list__element__dots__icon fuso-icon\"><i class=\"icon-products_8-55t\"><\/i><\/div>\n                  <div class=\"highlights__list__element__dots__label\"><span>CANTER 8,55 T.<\/span><\/div>\n                <\/div><\/div><\/li><li class=\" highlights__list__element\" ><div class=\"highlights__list__element__container\"><div class=\"highlights__list__element__image\"><img decoding=\"async\" class=\"\" src=\"https:\/\/www.fuso-trucks.ch\/wp-content\/uploads\/sites\/7\/2022\/09\/DSC3244_small-1400x933.jpg\" alt=\"\" \/><\/div><div class=\"highlights__list__element__description wpb_text_column\"><h3>4,25 T NEXT GENERATION eCANTER.<\/h3>\n<p>Le Next Generation eCanter 4,25 t est l&#8217;alternative durable pour une utilisation en ville et en milieu urbain. En effet, il apporte tout ce qui a toujours caract\u00e9ris\u00e9 le FUSO Canter comme un v\u00e9ritable utilitaire l\u00e9ger, et ce sans \u00e9missions locales et avec une propulsion purement \u00e9lectrique.<\/p>\n\n                <div class=\"link-container\">\n                    <a href=\"https:\/\/www.fuso-trucks.ch\/fr\/produits\/ecanter\/4-25-tonnes-e\/\">EN SAVOIR PLUS<\/a>\n                <\/div><\/div>\n                <div class=\"highlights__list__element__dots\">\n                  <div class=\"highlights__list__element__dots__icon fuso-icon\"><i class=\"icon-products_ecanter-4-25t\"><\/i><\/div>\n                  <div class=\"highlights__list__element__dots__label\"><span>eCANTER 4,25 T.<\/span><\/div>\n                <\/div><\/div><\/li><li class=\" highlights__list__element\" ><div class=\"highlights__list__element__container\"><div class=\"highlights__list__element__image\"><img decoding=\"async\" class=\"\" src=\"https:\/\/www.fuso-trucks.ch\/wp-content\/uploads\/sites\/7\/2022\/09\/DSC2721_small-1400x933.jpg\" alt=\"\" \/><\/div><div class=\"highlights__list__element__description wpb_text_column\"><h3>6,0 T NEXT GENERATION eCANTER.<\/h3>\n<p>Gr\u00e2ce \u00e0 ses dimensions compactes, le Next Generation eCanter 6,0 t est un v\u00e9ritable sp\u00e9cialiste des t\u00e2ches de transport exigeantes sur des voies de circulation \u00e9troites &#8211; et ce, sans bruit et sans \u00e9missions locales. Pour les interventions dans le domaine communal, il constitue une alternative durable.<\/p>\n\n                <div class=\"link-container\">\n                    <a href=\"https:\/\/www.fuso-trucks.ch\/fr\/produits\/ecanter\/6-0-tonnes-e\/\">EN SAVOIR PLUS<\/a>\n                <\/div><\/div>\n                <div class=\"highlights__list__element__dots\">\n                  <div class=\"highlights__list__element__dots__icon fuso-icon\"><i class=\"icon-products_ecanter-6-0t\"><\/i><\/div>\n                  <div class=\"highlights__list__element__dots__label\"><span>eCANTER 6,0 T.<\/span><\/div>\n                <\/div><\/div><\/li><li class=\" highlights__list__element\" ><div class=\"highlights__list__element__container\"><div class=\"highlights__list__element__image\"><img decoding=\"async\" class=\"\" src=\"https:\/\/www.fuso-trucks.ch\/wp-content\/uploads\/sites\/7\/2022\/09\/DSC2282_small-1400x933.jpg\" alt=\"\" \/><\/div><div class=\"highlights__list__element__description wpb_text_column\"><h3>7,49 T NEXT GENERATION eCANTER.<\/h3>\n<p>Le Next Generation eCanter 7,49 t est le meilleur choix pour (presque) tous les travaux en tant que camion l\u00e9ger \u00e0 propulsion enti\u00e8rement \u00e9lectrique. Son absence d&#8217;\u00e9missions locales, combin\u00e9e \u00e0 ses donn\u00e9es de r\u00e9f\u00e9rence convaincantes, en font un v\u00e9hicule id\u00e9al pour presque toutes les applications logistiques.<\/p>\n\n                <div class=\"link-container\">\n                    <a href=\"https:\/\/www.fuso-trucks.ch\/fr\/produits\/ecanter\/7-49-tonnes-e\/\">EN SAVOIR PLUS<\/a>\n                <\/div><\/div>\n                <div class=\"highlights__list__element__dots\">\n                  <div class=\"highlights__list__element__dots__icon fuso-icon\"><i class=\"icon-products_ecanter-7-49t\"><\/i><\/div>\n                  <div class=\"highlights__list__element__dots__label\"><span>eCANTER 7,49 T.<\/span><\/div>\n                <\/div><\/div><\/li><li class=\" highlights__list__element\" ><div class=\"highlights__list__element__container\"><div class=\"highlights__list__element__image\"><img decoding=\"async\" class=\"\" src=\"https:\/\/www.fuso-trucks.ch\/wp-content\/uploads\/sites\/7\/2022\/09\/FUSO_Hannover_22c38569_small-1400x933.jpg\" alt=\"\" \/><\/div><div class=\"highlights__list__element__description wpb_text_column\"><h3>8,55 T NEXT GENERATION eCANTER.<\/h3>\n<p>Le Next Generation eCanter 8,55 t est l&#8217;alternative \u00e0 propulsion purement \u00e9lectrique lorsqu&#8217;il s&#8217;agit, en plus de l&#8217;absence d&#8217;\u00e9missions locales, de transporter des charges un peu plus lourdes.<\/p>\n\n                <div class=\"link-container\">\n                    <a href=\"https:\/\/www.fuso-trucks.ch\/fr\/produits\/ecanter\/8-55-tonnes-e\/\">EN SAVOIR PLUS<\/a>\n                <\/div><\/div>\n                <div class=\"highlights__list__element__dots\">\n                  <div class=\"highlights__list__element__dots__icon fuso-icon\"><i class=\"icon-products_ecanter-8-55t\"><\/i><\/div>\n                  <div class=\"highlights__list__element__dots__label\"><span>eCANTER 8,55 T.<\/span><\/div>\n                <\/div><\/div><\/li>\n        <\/ul>\n        <\/div>\n    <\/div>\n[\/vc_column][\/vc_row][vc_row][vc_column]\n    <div class=\"wpb_content_element tiles fusoeurope-tiles\" ><div class=\"wpb_text_column\">\n            <ul class=\"tiles__list no_slick flex-2\">\n                <li class=\"wpb_content_element  bg--grey tiles__list__element\" ><div class=\"tiles__list__element__image\"><a href=\"https:\/\/www.fuso-trucks.ch\/fr\/produits\/canter\/\"><img decoding=\"async\" class=\"layout-cover\" src=\"https:\/\/www.fuso-trucks.ch\/wp-content\/uploads\/sites\/7\/2022\/08\/hero_branch_verteilerverkehr-1400x934.jpg\" alt=\"\" \/><\/a><\/div><div class=\"tiles__list__element__text wpb_text_column\"><h2 class=\"tiles__list__element__title\">Le Canter.<\/h2><h3 class=\"tiles__list__element__subtitle\">UNE VARIABILIT\u00c9 TOTALE.<br \/>\nDE NOMBREUSES POSSIBILIT\u00c9S INCLUSES.<\/h3><div class=\"tiles__list__element__description\"><p>Cinq cat\u00e9gories de poids, trois variantes de cabine, trois moteurs, six empattements, de nombreuses solutions de carrossage d\u00e9part usine, une bo\u00eete de vitesses manuelle ou automatique DUONIC\u00ae 2.0 au choix, une transmission int\u00e9grale enclenchable sur le 4\u00d74 et bien plus encore &#8211; le Canter a quelque chose \u00e0 offrir.<\/p>\n<\/div>\n                <div class=\"tiles__list__element__link-container\">\n                    <a href=\"https:\/\/www.fuso-trucks.ch\/fr\/produits\/canter\/\" class=\"tiles__list__element__link\">EN SAVOIR PLUS<\/a>\n                <\/div><\/div><\/li><li class=\"wpb_content_element  bg--grey tiles__list__element\" ><div class=\"tiles__list__element__image\"><a href=\"https:\/\/www.fuso-trucks.ch\/fr\/produits\/ecanter\/\"><img decoding=\"async\" class=\"layout-cover\" src=\"https:\/\/www.fuso-trucks.ch\/wp-content\/uploads\/sites\/7\/2022\/08\/hero_ecanter-1400x934.jpg\" alt=\"\" \/><\/a><\/div><div class=\"tiles__list__element__text wpb_text_column\"><h2 class=\"tiles__list__element__title\">L'eCANTER<\/h2><h3 class=\"tiles__list__element__subtitle\">PLUS DE CHOIX.<br \/>\n42 VARIANTES AU TOTAL.<\/h3><div class=\"tiles__list__element__description\"><p>Avec l&#8217;introduction du Next Generation eCanter en tant que produit de s\u00e9rie, FUSO propose le plus grand portefeuille d&#8217;eTrucks au sein de Daimler Truck AG. Les 42 variantes de combinaisons au total se composent de 4 cat\u00e9gories de poids, 6 empattements, 2 types de cabines et 3 options de packs de batteries. Ainsi, le Next Generation eCanter dispose d&#8217;une configuration adapt\u00e9e \u00e0 presque toutes les exigences des clients.<\/p>\n<\/div>\n                <div class=\"tiles__list__element__link-container\">\n                    <a href=\"https:\/\/www.fuso-trucks.ch\/fr\/produits\/ecanter\/\" class=\"tiles__list__element__link\">EN SAVOIR PLUS<\/a>\n                <\/div><\/div><\/li>\n            <\/ul>\n        <\/div>\n    <\/div>\n[\/vc_column][\/vc_row]<\/p>\n<\/div>","protected":false},"excerpt":{"rendered":"<\/p>\n","protected":false},"author":44,"featured_media":0,"parent":0,"menu_order":0,"comment_status":"closed","ping_status":"closed","template":"templates\/template-default-hero.php","meta":{"_acf_changed":false,"footnotes":""},"class_list":["post-21685","page","type-page","status-publish","hentry"],"acf":[],"yoast_head":"<!-- This site is optimized with the Yoast SEO plugin v27.5 - https:\/\/yoast.com\/product\/yoast-seo-wordpress\/ -->\n<title>Produits - FUSO Trucks CH<\/title>\n<meta name=\"robots\" content=\"index, follow, max-snippet:-1, max-image-preview:large, max-video-preview:-1\" \/>\n<link rel=\"canonical\" href=\"https:\/\/www.fuso-trucks.ch\/fr\/produits\/\" \/>\n<meta property=\"og:locale\" content=\"fr_FR\" \/>\n<meta property=\"og:type\" content=\"article\" \/>\n<meta property=\"og:title\" content=\"Produits - FUSO Trucks CH\" \/>\n<meta property=\"og:url\" content=\"https:\/\/www.fuso-trucks.ch\/fr\/produits\/\" \/>\n<meta property=\"og:site_name\" content=\"FUSO Trucks CH\" \/>\n<meta property=\"article:modified_time\" content=\"2025-02-07T08:39:14+00:00\" \/>\n<meta name=\"twitter:card\" content=\"summary_large_image\" \/>\n<meta name=\"twitter:label1\" content=\"Est. reading time\" \/>\n\t<meta name=\"twitter:data1\" content=\"3 minutes\" \/>\n<script type=\"application\/ld+json\" class=\"yoast-schema-graph\">{\"@context\":\"https:\\\/\\\/schema.org\",\"@graph\":[{\"@type\":\"WebPage\",\"@id\":\"https:\\\/\\\/www.fuso-trucks.ch\\\/fr\\\/produits\\\/\",\"url\":\"https:\\\/\\\/www.fuso-trucks.ch\\\/fr\\\/produits\\\/\",\"name\":\"Produits - FUSO Trucks CH\",\"isPartOf\":{\"@id\":\"https:\\\/\\\/www.fuso-trucks.ch\\\/fr\\\/#website\"},\"datePublished\":\"2022-10-27T12:16:49+00:00\",\"dateModified\":\"2025-02-07T08:39:14+00:00\",\"breadcrumb\":{\"@id\":\"https:\\\/\\\/www.fuso-trucks.ch\\\/fr\\\/produits\\\/#breadcrumb\"},\"inLanguage\":\"fr-CH\",\"potentialAction\":[{\"@type\":\"ReadAction\",\"target\":[\"https:\\\/\\\/www.fuso-trucks.ch\\\/fr\\\/produits\\\/\"]}]},{\"@type\":\"BreadcrumbList\",\"@id\":\"https:\\\/\\\/www.fuso-trucks.ch\\\/fr\\\/produits\\\/#breadcrumb\",\"itemListElement\":[{\"@type\":\"ListItem\",\"position\":1,\"name\":\"Home\",\"item\":\"https:\\\/\\\/www.fuso-trucks.ch\\\/fr\\\/\"},{\"@type\":\"ListItem\",\"position\":2,\"name\":\"Produits\"}]},{\"@type\":\"WebSite\",\"@id\":\"https:\\\/\\\/www.fuso-trucks.ch\\\/fr\\\/#website\",\"url\":\"https:\\\/\\\/www.fuso-trucks.ch\\\/fr\\\/\",\"name\":\"FUSO Trucks CH\",\"description\":\"\",\"potentialAction\":[{\"@type\":\"SearchAction\",\"target\":{\"@type\":\"EntryPoint\",\"urlTemplate\":\"https:\\\/\\\/www.fuso-trucks.ch\\\/fr\\\/?s={search_term_string}\"},\"query-input\":{\"@type\":\"PropertyValueSpecification\",\"valueRequired\":true,\"valueName\":\"search_term_string\"}}],\"inLanguage\":\"fr-CH\"}]}<\/script>\n<!-- \/ Yoast SEO plugin. -->","yoast_head_json":{"title":"Produits - FUSO Trucks CH","robots":{"index":"index","follow":"follow","max-snippet":"max-snippet:-1","max-image-preview":"max-image-preview:large","max-video-preview":"max-video-preview:-1"},"canonical":"https:\/\/www.fuso-trucks.ch\/fr\/produits\/","og_locale":"fr_FR","og_type":"article","og_title":"Produits - FUSO Trucks CH","og_url":"https:\/\/www.fuso-trucks.ch\/fr\/produits\/","og_site_name":"FUSO Trucks CH","article_modified_time":"2025-02-07T08:39:14+00:00","twitter_card":"summary_large_image","twitter_misc":{"Est. reading time":"3 minutes"},"schema":{"@context":"https:\/\/schema.org","@graph":[{"@type":"WebPage","@id":"https:\/\/www.fuso-trucks.ch\/fr\/produits\/","url":"https:\/\/www.fuso-trucks.ch\/fr\/produits\/","name":"Produits - FUSO Trucks CH","isPartOf":{"@id":"https:\/\/www.fuso-trucks.ch\/fr\/#website"},"datePublished":"2022-10-27T12:16:49+00:00","dateModified":"2025-02-07T08:39:14+00:00","breadcrumb":{"@id":"https:\/\/www.fuso-trucks.ch\/fr\/produits\/#breadcrumb"},"inLanguage":"fr-CH","potentialAction":[{"@type":"ReadAction","target":["https:\/\/www.fuso-trucks.ch\/fr\/produits\/"]}]},{"@type":"BreadcrumbList","@id":"https:\/\/www.fuso-trucks.ch\/fr\/produits\/#breadcrumb","itemListElement":[{"@type":"ListItem","position":1,"name":"Home","item":"https:\/\/www.fuso-trucks.ch\/fr\/"},{"@type":"ListItem","position":2,"name":"Produits"}]},{"@type":"WebSite","@id":"https:\/\/www.fuso-trucks.ch\/fr\/#website","url":"https:\/\/www.fuso-trucks.ch\/fr\/","name":"FUSO Trucks CH","description":"","potentialAction":[{"@type":"SearchAction","target":{"@type":"EntryPoint","urlTemplate":"https:\/\/www.fuso-trucks.ch\/fr\/?s={search_term_string}"},"query-input":{"@type":"PropertyValueSpecification","valueRequired":true,"valueName":"search_term_string"}}],"inLanguage":"fr-CH"}]}},"_links":{"self":[{"href":"https:\/\/www.fuso-trucks.ch\/fr\/wp-json\/wp\/v2\/pages\/21685","targetHints":{"allow":["GET"]}}],"collection":[{"href":"https:\/\/www.fuso-trucks.ch\/fr\/wp-json\/wp\/v2\/pages"}],"about":[{"href":"https:\/\/www.fuso-trucks.ch\/fr\/wp-json\/wp\/v2\/types\/page"}],"author":[{"embeddable":true,"href":"https:\/\/www.fuso-trucks.ch\/fr\/wp-json\/wp\/v2\/users\/44"}],"replies":[{"embeddable":true,"href":"https:\/\/www.fuso-trucks.ch\/fr\/wp-json\/wp\/v2\/comments?post=21685"}],"version-history":[{"count":13,"href":"https:\/\/www.fuso-trucks.ch\/fr\/wp-json\/wp\/v2\/pages\/21685\/revisions"}],"predecessor-version":[{"id":23571,"href":"https:\/\/www.fuso-trucks.ch\/fr\/wp-json\/wp\/v2\/pages\/21685\/revisions\/23571"}],"wp:attachment":[{"href":"https:\/\/www.fuso-trucks.ch\/fr\/wp-json\/wp\/v2\/media?parent=21685"}],"curies":[{"name":"wp","href":"https:\/\/api.w.org\/{rel}","templated":true}]}}